{"id":3374,"date":"2023-03-24T10:55:47","date_gmt":"2023-03-24T09:55:47","guid":{"rendered":"http:\/\/stalden-farm.ch\/?page_id=3374"},"modified":"2025-01-27T09:25:04","modified_gmt":"2025-01-27T08:25:04","slug":"preise","status":"publish","type":"page","link":"https:\/\/stalden-farm.ch\/index.php\/preise\/","title":{"rendered":"Investition"},"content":{"rendered":"<p>[vc_row full_width=&#8220;stretch_row&#8220; background_color=&#8220;custom&#8220; lg_spacing=&#8220;padding_top:100;padding_bottom:100&#8243; custom_background_color=&#8220;#ddd8c7&#8243;][vc_column][tm_heading style=&#8220;above-x-separator&#8220; custom_google_font=&#8220;&#8220; align=&#8220;center&#8220; text=&#8220;Investition&#8220; font_size=&#8220;lg:46&#8243;][tm_spacer size=&#8220;lg:27&#8243;][tm_heading tag=&#8220;div&#8220; custom_google_font=&#8220;&#8220; align=&#8220;center&#8220; text=&#8220;Als diplomierte Reittherapeutin bin ich vom EMR anerkannt und zertifiziert.<br \/>\nSomit bin ich von Krankenkassen anerkannt.<br \/>\nDurchdies bin ich verpflichtet einen qualitativen hohen Standart zu leisten und mich j\u00e4hrlich weiterzubilden, damit ich meine Zertifizierung behalten kann, welches mit hohen Kosten verbunden ist.<\/p>\n<p>Bitte erkundigen sie sich vorher bei ihrer Krankenkasse, ob und in welcher H\u00f6he die Kosten \u00fcbernommen werden.<br \/>\nBitte geben sie ihrer Krankenkassen meine ZSR-Nummer: B571764 an.<\/p>\n<p>Fragen sie ihren Kinderarzt oder der Kinder- und Jugendpsychiater an, ob dieser eine Verf\u00fcgung f\u00fcr die Pferdegest\u00fctzte Therapie ausstellen kann, um die Krankenkassen f\u00fcr eine Kostenbeteiligung zu motivieren. Z.B. bei der Helsana muss im Vorfeld ein Gesuch inkl. die Verordnung vom Arzt f\u00fcr das Heilp\u00e4dagogische Reiten eingereicht werden.<\/p>\n<p>Finanzierung durch Stiftungen und Hilfsorganisationen, w\u00e4re eine M\u00f6glichkeit, wenn sie ihre Zusatzversicherung nicht mehr wechseln k\u00f6nnen.<\/p>\n<p>Spezial- und Gruppentarife auf Anfrage.&#8220; max_width=&#8220;700px&#8220;][tm_spacer size=&#8220;lg:80&#8243;][tm_pricing_group][tm_pricing style=&#8220;02&#8243; currency=&#8220;CHF&#8220; period=&#8220;90Min.&#8220; title=&#8220;Erwachsene&#8220; price=&#8220;220&#8243; button=&#8220;url:mailto%3Ainfo%40stalden-farm.ch|title:Zum%20Kontakt|target:_blank&#8220; items=&#8220;%5B%7B%22icon%22%3A%22far%20fa-check%22%2C%22text%22%3A%22Individuell%20auf%20deine%20Bed%C3%BCrfnisse%20abgestimmt%22%2C%22available%22%3A%221%22%7D%2C%7B%22icon%22%3A%22far%20fa-check%22%2C%22text%22%3A%22Umfang%20richtet%20sich%20je%20nach%20Thema%22%2C%22available%22%3A%221%22%7D%5D&#8220; image=&#8220;3092&#8243; sub_title=&#8220;Pferdegest\u00fctztes Coaching&#8220;][tm_pricing style=&#8220;02&#8243; currency=&#8220;CHF&#8220; period=&#8220;50Min.&#8220; price=&#8220;145&#8243; button=&#8220;url:mailto%3Ainfo%40stalden-farm.ch|title:Zum%20Kontakt|target:_blank&#8220; items=&#8220;%5B%7B%22icon%22%3A%22far%20fa-check%22%2C%22text%22%3A%22Individuell%20auf%20deine%20Bed%C3%BCrfnisse%20abgestimmt%22%2C%22available%22%3A%221%22%7D%2C%7B%22icon%22%3A%22far%20fa-check%22%2C%22text%22%3A%22Umfang%20richtet%20sich%20je%20nach%20Thema%22%2C%22available%22%3A%221%22%7D%5D&#8220; image=&#8220;3092&#8243; sub_title=&#8220;Pferdegest\u00fctzte Therapie&#8220;][tm_pricing style=&#8220;02&#8243; currency=&#8220;CHF&#8220; period=&#8220;50Min.&#8220; title=&#8220;Kinder&#8220; price=&#8220;145&#8243; button=&#8220;url:mailto%3Ainfo%40stalden-farm.ch|title:Zum%20Kontakt|target:_blank&#8220; items=&#8220;%5B%7B%22icon%22%3A%22far%20fa-check%22%2C%22text%22%3A%22Individuell%20auf%20deine%20Bed%C3%BCrfnisse%20abgestimmt%22%2C%22available%22%3A%221%22%7D%2C%7B%22icon%22%3A%22far%20fa-check%22%2C%22text%22%3A%22Umfang%20richtet%20sich%20je%20nach%20Thema%22%2C%22available%22%3A%221%22%7D%5D&#8220; image=&#8220;3092&#8243; sub_title=&#8220;ErlebnisP\u00e4dagogisches Reiten&#8220;][\/tm_pricing_group][tm_spacer size=&#8220;lg:80&#8243;][vc_row_inner][vc_column_inner width=&#8220;1\/4&#8243;][\/vc_column_inner][vc_column_inner width=&#8220;1\/4&#8243;][tm_spacer size=&#8220;lg:20&#8243;][tm_image image_size=&#8220;custom&#8220; align=&#8220;center&#8220; xs_align=&#8220;center&#8220; image=&#8220;3571&#8243; image_size_height=&#8220;100&#8243;][\/vc_column_inner][vc_column_inner width=&#8220;1\/4&#8243;][tm_image image_size=&#8220;custom&#8220; align=&#8220;center&#8220; image=&#8220;3680&#8243;][\/vc_column_inner][vc_column_inner width=&#8220;1\/4&#8243;][\/vc_column_inner][\/vc_row_inner][\/vc_column][\/vc_row]<\/p>\n","protected":false},"excerpt":{"rendered":"<p>[vc_row full_width=&#8220;stretch_row&#8220; background_color=&#8220;custom&#8220; lg_spacing=&#8220;padding_top:100;padding_bottom:100&#8243; custom_background_color=&#8220;#ddd8c7&#8243;][vc_column][tm_heading style=&#8220;above-x-separator&#8220; custom_google_font=&#8220;&#8220; align=&#8220;center&#8220; text=&#8220;Investition&#8220; font_size=&#8220;lg:46&#8243;][tm_spacer size=&#8220;lg:27&#8243;][tm_heading tag=&#8220;div&#8220; custom_google_font=&#8220;&#8220; align=&#8220;center&#8220; text=&#8220;Als diplomierte Reittherapeutin bin ich vom EMR anerkannt und zertifiziert. Somit bin ich von Krankenkassen anerkannt. Durchdies bin ich verpflichtet einen qualitativen hohen Standart zu leisten und mich j\u00e4hrlich weiterzubilden, damit ich meine Zertifizierung behalten kann, welches mit hohen Kosten verbunden ist. Bitte erkundigen sie sich vorher bei ihrer Krankenkasse, ob und in welcher H\u00f6he die Kosten \u00fcbernommen werden. Bitte geben sie ihrer Krankenkassen meine ZSR-Nummer: B571764 an. Fragen sie ihren Kinderarzt oder der Kinder- und Jugendpsychiater an, ob dieser eine Verf\u00fcgung f\u00fcr die Pferdegest\u00fctzte Therapie ausstellen kann, um die Krankenkassen f\u00fcr eine Kostenbeteiligung zu motivieren. Z.B. bei der Helsana muss im Vorfeld ein Gesuch inkl. die Verordnung vom Arzt f\u00fcr das Heilp\u00e4dagogische Reiten eingereicht werden. Finanzierung durch Stiftungen und Hilfsorganisationen, w\u00e4re eine M\u00f6glichkeit, wenn sie ihre Zusatzversicherung nicht mehr wechseln k\u00f6nnen. Spezial- und Gruppentarife auf Anfrage.&#8220; max_width=&#8220;700px&#8220;][tm_spacer size=&#8220;lg:80&#8243;][tm_pricing_group][tm_pricing style=&#8220;02&#8243; currency=&#8220;CHF&#8220; period=&#8220;90Min.&#8220; title=&#8220;Erwachsene&#8220; price=&#8220;220&#8243; button=&#8220;url:mailto%3Ainfo%40stalden-farm.ch|title:Zum%20Kontakt|target:_blank&#8220; items=&#8220;%5B%7B%22icon%22%3A%22far%20fa-check%22%2C%22text%22%3A%22Individuell%20auf%20deine%20Bed%C3%BCrfnisse%20abgestimmt%22%2C%22available%22%3A%221%22%7D%2C%7B%22icon%22%3A%22far%20fa-check%22%2C%22text%22%3A%22Umfang%20richtet%20sich%20je%20nach%20Thema%22%2C%22available%22%3A%221%22%7D%5D&#8220; image=&#8220;3092&#8243; sub_title=&#8220;Pferdegest\u00fctztes Coaching&#8220;][tm_pricing style=&#8220;02&#8243; currency=&#8220;CHF&#8220; period=&#8220;50Min.&#8220; price=&#8220;145&#8243; button=&#8220;url:mailto%3Ainfo%40stalden-farm.ch|title:Zum%20Kontakt|target:_blank&#8220; items=&#8220;%5B%7B%22icon%22%3A%22far%20fa-check%22%2C%22text%22%3A%22Individuell%20auf%20deine%20Bed%C3%BCrfnisse%20abgestimmt%22%2C%22available%22%3A%221%22%7D%2C%7B%22icon%22%3A%22far%20fa-check%22%2C%22text%22%3A%22Umfang%20richtet%20sich%20je%20nach%20Thema%22%2C%22available%22%3A%221%22%7D%5D&#8220; image=&#8220;3092&#8243; sub_title=&#8220;Pferdegest\u00fctzte Therapie&#8220;][tm_pricing style=&#8220;02&#8243; currency=&#8220;CHF&#8220; period=&#8220;50Min.&#8220; title=&#8220;Kinder&#8220; price=&#8220;145&#8243; button=&#8220;url:mailto%3Ainfo%40stalden-farm.ch|title:Zum%20Kontakt|target:_blank&#8220; items=&#8220;%5B%7B%22icon%22%3A%22far%20fa-check%22%2C%22text%22%3A%22Individuell%20auf%20deine%20Bed%C3%BCrfnisse%20abgestimmt%22%2C%22available%22%3A%221%22%7D%2C%7B%22icon%22%3A%22far%20fa-check%22%2C%22text%22%3A%22Umfang%20richtet%20sich%20je%20nach%20Thema%22%2C%22available%22%3A%221%22%7D%5D&#8220; image=&#8220;3092&#8243; sub_title=&#8220;ErlebnisP\u00e4dagogisches Reiten&#8220;][\/tm_pricing_group][tm_spacer size=&#8220;lg:80&#8243;][vc_row_inner][vc_column_inner width=&#8220;1\/4&#8243;][\/vc_column_inner][vc_column_inner width=&#8220;1\/4&#8243;][tm_spacer size=&#8220;lg:20&#8243;][tm_image image_size=&#8220;custom&#8220; align=&#8220;center&#8220; xs_align=&#8220;center&#8220; image=&#8220;3571&#8243; image_size_height=&#8220;100&#8243;][\/vc_column_inner][vc_column_inner width=&#8220;1\/4&#8243;][tm_image image_size=&#8220;custom&#8220; align=&#8220;center&#8220; image=&#8220;3680&#8243;][\/vc_column_inner][vc_column_inner width=&#8220;1\/4&#8243;][\/vc_column_inner][\/vc_row_inner][\/vc_column][\/vc_row]<\/p>\n","protected":false},"author":1,"featured_media":0,"parent":0,"menu_order":0,"comment_status":"closed","ping_status":"closed","template":"","meta":{"footnotes":""},"class_list":["post-3374","page","type-page","status-publish","hentry","post-no-thumbnail"],"yoast_head":"<!-- This site is optimized with the Yoast SEO plugin v25.7 - https:\/\/yoast.com\/wordpress\/plugins\/seo\/ -->\n<title>Investition - Stalden-Farm<\/title>\n<meta name=\"robots\" content=\"index, follow, max-snippet:-1, max-image-preview:large, max-video-preview:-1\" \/>\n<link rel=\"canonical\" href=\"https:\/\/stalden-farm.ch\/index.php\/preise\/\" \/>\n<meta property=\"og:locale\" content=\"de_DE\" \/>\n<meta property=\"og:type\" content=\"article\" \/>\n<meta property=\"og:title\" content=\"Investition - Stalden-Farm\" \/>\n<meta property=\"og:description\" content=\"[vc_row full_width=&#8220;stretch_row&#8220; background_color=&#8220;custom&#8220; lg_spacing=&#8220;padding_top:100;padding_bottom:100&#8243; custom_background_color=&#8220;#ddd8c7&#8243;][vc_column][tm_heading style=&#8220;above-x-separator&#8220; custom_google_font=&#8220;&#8220; align=&#8220;center&#8220; text=&#8220;Investition&#8220; font_size=&#8220;lg:46&#8243;][tm_spacer size=&#8220;lg:27&#8243;][tm_heading tag=&#8220;div&#8220; custom_google_font=&#8220;&#8220; align=&#8220;center&#8220; text=&#8220;Als diplomierte Reittherapeutin bin ich vom EMR anerkannt und zertifiziert. Somit bin ich von Krankenkassen anerkannt. Durchdies bin ich verpflichtet einen qualitativen hohen Standart zu leisten und mich j\u00e4hrlich weiterzubilden, damit ich meine Zertifizierung behalten kann, welches mit hohen Kosten verbunden ist. Bitte erkundigen sie sich vorher bei ihrer Krankenkasse, ob und in welcher H\u00f6he die Kosten \u00fcbernommen werden. Bitte geben sie ihrer Krankenkassen meine ZSR-Nummer: B571764 an. Fragen sie ihren Kinderarzt oder der Kinder- und Jugendpsychiater an, ob dieser eine Verf\u00fcgung f\u00fcr die Pferdegest\u00fctzte Therapie ausstellen kann, um die Krankenkassen f\u00fcr eine Kostenbeteiligung zu motivieren. Z.B. bei der Helsana muss im Vorfeld ein Gesuch inkl. die Verordnung vom Arzt f\u00fcr das Heilp\u00e4dagogische Reiten eingereicht werden. Finanzierung durch Stiftungen und Hilfsorganisationen, w\u00e4re eine M\u00f6glichkeit, wenn sie ihre Zusatzversicherung nicht mehr wechseln k\u00f6nnen. Spezial- und Gruppentarife auf Anfrage.&#8220; max_width=&#8220;700px&#8220;][tm_spacer size=&#8220;lg:80&#8243;][tm_pricing_group][tm_pricing style=&#8220;02&#8243; currency=&#8220;CHF&#8220; period=&#8220;90Min.&#8220; title=&#8220;Erwachsene&#8220; price=&#8220;220&#8243; button=&#8220;url:mailto%3Ainfo%40stalden-farm.ch|title:Zum%20Kontakt|target:_blank&#8220; items=&#8220;%5B%7B%22icon%22%3A%22far%20fa-check%22%2C%22text%22%3A%22Individuell%20auf%20deine%20Bed%C3%BCrfnisse%20abgestimmt%22%2C%22available%22%3A%221%22%7D%2C%7B%22icon%22%3A%22far%20fa-check%22%2C%22text%22%3A%22Umfang%20richtet%20sich%20je%20nach%20Thema%22%2C%22available%22%3A%221%22%7D%5D&#8220; image=&#8220;3092&#8243; sub_title=&#8220;Pferdegest\u00fctztes Coaching&#8220;][tm_pricing style=&#8220;02&#8243; currency=&#8220;CHF&#8220; period=&#8220;50Min.&#8220; price=&#8220;145&#8243; button=&#8220;url:mailto%3Ainfo%40stalden-farm.ch|title:Zum%20Kontakt|target:_blank&#8220; items=&#8220;%5B%7B%22icon%22%3A%22far%20fa-check%22%2C%22text%22%3A%22Individuell%20auf%20deine%20Bed%C3%BCrfnisse%20abgestimmt%22%2C%22available%22%3A%221%22%7D%2C%7B%22icon%22%3A%22far%20fa-check%22%2C%22text%22%3A%22Umfang%20richtet%20sich%20je%20nach%20Thema%22%2C%22available%22%3A%221%22%7D%5D&#8220; image=&#8220;3092&#8243; sub_title=&#8220;Pferdegest\u00fctzte Therapie&#8220;][tm_pricing style=&#8220;02&#8243; currency=&#8220;CHF&#8220; period=&#8220;50Min.&#8220; title=&#8220;Kinder&#8220; price=&#8220;145&#8243; button=&#8220;url:mailto%3Ainfo%40stalden-farm.ch|title:Zum%20Kontakt|target:_blank&#8220; items=&#8220;%5B%7B%22icon%22%3A%22far%20fa-check%22%2C%22text%22%3A%22Individuell%20auf%20deine%20Bed%C3%BCrfnisse%20abgestimmt%22%2C%22available%22%3A%221%22%7D%2C%7B%22icon%22%3A%22far%20fa-check%22%2C%22text%22%3A%22Umfang%20richtet%20sich%20je%20nach%20Thema%22%2C%22available%22%3A%221%22%7D%5D&#8220; image=&#8220;3092&#8243; sub_title=&#8220;ErlebnisP\u00e4dagogisches Reiten&#8220;][\/tm_pricing_group][tm_spacer size=&#8220;lg:80&#8243;][vc_row_inner][vc_column_inner width=&#8220;1\/4&#8243;][\/vc_column_inner][vc_column_inner width=&#8220;1\/4&#8243;][tm_spacer size=&#8220;lg:20&#8243;][tm_image image_size=&#8220;custom&#8220; align=&#8220;center&#8220; xs_align=&#8220;center&#8220; image=&#8220;3571&#8243; image_size_height=&#8220;100&#8243;][\/vc_column_inner][vc_column_inner width=&#8220;1\/4&#8243;][tm_image image_size=&#8220;custom&#8220; align=&#8220;center&#8220; image=&#8220;3680&#8243;][\/vc_column_inner][vc_column_inner width=&#8220;1\/4&#8243;][\/vc_column_inner][\/vc_row_inner][\/vc_column][\/vc_row]\" \/>\n<meta property=\"og:url\" content=\"https:\/\/stalden-farm.ch\/index.php\/preise\/\" \/>\n<meta property=\"og:site_name\" content=\"Stalden-Farm\" \/>\n<meta property=\"article:modified_time\" content=\"2025-01-27T08:25:04+00:00\" \/>\n<meta name=\"twitter:card\" content=\"summary_large_image\" \/>\n<meta name=\"twitter:label1\" content=\"Gesch\u00e4tzte Lesezeit\" \/>\n\t<meta name=\"twitter:data1\" content=\"2\u00a0Minuten\" \/>\n<script type=\"application\/ld+json\" class=\"yoast-schema-graph\">{\"@context\":\"https:\/\/schema.org\",\"@graph\":[{\"@type\":\"WebPage\",\"@id\":\"https:\/\/stalden-farm.ch\/index.php\/preise\/\",\"url\":\"https:\/\/stalden-farm.ch\/index.php\/preise\/\",\"name\":\"Investition - Stalden-Farm\",\"isPartOf\":{\"@id\":\"https:\/\/stalden-farm.ch\/#website\"},\"datePublished\":\"2023-03-24T09:55:47+00:00\",\"dateModified\":\"2025-01-27T08:25:04+00:00\",\"breadcrumb\":{\"@id\":\"https:\/\/stalden-farm.ch\/index.php\/preise\/#breadcrumb\"},\"inLanguage\":\"de\",\"potentialAction\":[{\"@type\":\"ReadAction\",\"target\":[\"https:\/\/stalden-farm.ch\/index.php\/preise\/\"]}]},{\"@type\":\"BreadcrumbList\",\"@id\":\"https:\/\/stalden-farm.ch\/index.php\/preise\/#breadcrumb\",\"itemListElement\":[{\"@type\":\"ListItem\",\"position\":1,\"name\":\"Startseite\",\"item\":\"https:\/\/stalden-farm.ch\/\"},{\"@type\":\"ListItem\",\"position\":2,\"name\":\"Investition\"}]},{\"@type\":\"WebSite\",\"@id\":\"https:\/\/stalden-farm.ch\/#website\",\"url\":\"https:\/\/stalden-farm.ch\/\",\"name\":\"Stalden-Farm\",\"description\":\"Eine weitere WordPress-Website\",\"publisher\":{\"@id\":\"https:\/\/stalden-farm.ch\/#\/schema\/person\/d86bf9f6854e842358c47aac315c3658\"},\"potentialAction\":[{\"@type\":\"SearchAction\",\"target\":{\"@type\":\"EntryPoint\",\"urlTemplate\":\"https:\/\/stalden-farm.ch\/?s={search_term_string}\"},\"query-input\":{\"@type\":\"PropertyValueSpecification\",\"valueRequired\":true,\"valueName\":\"search_term_string\"}}],\"inLanguage\":\"de\"},{\"@type\":[\"Person\",\"Organization\"],\"@id\":\"https:\/\/stalden-farm.ch\/#\/schema\/person\/d86bf9f6854e842358c47aac315c3658\",\"name\":\"Jasmin\",\"image\":{\"@type\":\"ImageObject\",\"inLanguage\":\"de\",\"@id\":\"https:\/\/stalden-farm.ch\/#\/schema\/person\/image\/\",\"url\":\"https:\/\/secure.gravatar.com\/avatar\/5bafcee8c9a475f659c29ca5b7ebaef7ad0cebacf1a57c1e8c908dcb9739f8b3?s=96&d=mm&r=g\",\"contentUrl\":\"https:\/\/secure.gravatar.com\/avatar\/5bafcee8c9a475f659c29ca5b7ebaef7ad0cebacf1a57c1e8c908dcb9739f8b3?s=96&d=mm&r=g\",\"caption\":\"Jasmin\"},\"logo\":{\"@id\":\"https:\/\/stalden-farm.ch\/#\/schema\/person\/image\/\"}}]}<\/script>\n<!-- \/ Yoast SEO plugin. -->","yoast_head_json":{"title":"Investition - Stalden-Farm","robots":{"index":"index","follow":"follow","max-snippet":"max-snippet:-1","max-image-preview":"max-image-preview:large","max-video-preview":"max-video-preview:-1"},"canonical":"https:\/\/stalden-farm.ch\/index.php\/preise\/","og_locale":"de_DE","og_type":"article","og_title":"Investition - Stalden-Farm","og_description":"[vc_row full_width=&#8220;stretch_row&#8220; background_color=&#8220;custom&#8220; lg_spacing=&#8220;padding_top:100;padding_bottom:100&#8243; custom_background_color=&#8220;#ddd8c7&#8243;][vc_column][tm_heading style=&#8220;above-x-separator&#8220; custom_google_font=&#8220;&#8220; align=&#8220;center&#8220; text=&#8220;Investition&#8220; font_size=&#8220;lg:46&#8243;][tm_spacer size=&#8220;lg:27&#8243;][tm_heading tag=&#8220;div&#8220; custom_google_font=&#8220;&#8220; align=&#8220;center&#8220; text=&#8220;Als diplomierte Reittherapeutin bin ich vom EMR anerkannt und zertifiziert. Somit bin ich von Krankenkassen anerkannt. Durchdies bin ich verpflichtet einen qualitativen hohen Standart zu leisten und mich j\u00e4hrlich weiterzubilden, damit ich meine Zertifizierung behalten kann, welches mit hohen Kosten verbunden ist. Bitte erkundigen sie sich vorher bei ihrer Krankenkasse, ob und in welcher H\u00f6he die Kosten \u00fcbernommen werden. Bitte geben sie ihrer Krankenkassen meine ZSR-Nummer: B571764 an. Fragen sie ihren Kinderarzt oder der Kinder- und Jugendpsychiater an, ob dieser eine Verf\u00fcgung f\u00fcr die Pferdegest\u00fctzte Therapie ausstellen kann, um die Krankenkassen f\u00fcr eine Kostenbeteiligung zu motivieren. Z.B. bei der Helsana muss im Vorfeld ein Gesuch inkl. die Verordnung vom Arzt f\u00fcr das Heilp\u00e4dagogische Reiten eingereicht werden. Finanzierung durch Stiftungen und Hilfsorganisationen, w\u00e4re eine M\u00f6glichkeit, wenn sie ihre Zusatzversicherung nicht mehr wechseln k\u00f6nnen. Spezial- und Gruppentarife auf Anfrage.&#8220; max_width=&#8220;700px&#8220;][tm_spacer size=&#8220;lg:80&#8243;][tm_pricing_group][tm_pricing style=&#8220;02&#8243; currency=&#8220;CHF&#8220; period=&#8220;90Min.&#8220; title=&#8220;Erwachsene&#8220; price=&#8220;220&#8243; button=&#8220;url:mailto%3Ainfo%40stalden-farm.ch|title:Zum%20Kontakt|target:_blank&#8220; items=&#8220;%5B%7B%22icon%22%3A%22far%20fa-check%22%2C%22text%22%3A%22Individuell%20auf%20deine%20Bed%C3%BCrfnisse%20abgestimmt%22%2C%22available%22%3A%221%22%7D%2C%7B%22icon%22%3A%22far%20fa-check%22%2C%22text%22%3A%22Umfang%20richtet%20sich%20je%20nach%20Thema%22%2C%22available%22%3A%221%22%7D%5D&#8220; image=&#8220;3092&#8243; sub_title=&#8220;Pferdegest\u00fctztes Coaching&#8220;][tm_pricing style=&#8220;02&#8243; currency=&#8220;CHF&#8220; period=&#8220;50Min.&#8220; price=&#8220;145&#8243; button=&#8220;url:mailto%3Ainfo%40stalden-farm.ch|title:Zum%20Kontakt|target:_blank&#8220; items=&#8220;%5B%7B%22icon%22%3A%22far%20fa-check%22%2C%22text%22%3A%22Individuell%20auf%20deine%20Bed%C3%BCrfnisse%20abgestimmt%22%2C%22available%22%3A%221%22%7D%2C%7B%22icon%22%3A%22far%20fa-check%22%2C%22text%22%3A%22Umfang%20richtet%20sich%20je%20nach%20Thema%22%2C%22available%22%3A%221%22%7D%5D&#8220; image=&#8220;3092&#8243; sub_title=&#8220;Pferdegest\u00fctzte Therapie&#8220;][tm_pricing style=&#8220;02&#8243; currency=&#8220;CHF&#8220; period=&#8220;50Min.&#8220; title=&#8220;Kinder&#8220; price=&#8220;145&#8243; button=&#8220;url:mailto%3Ainfo%40stalden-farm.ch|title:Zum%20Kontakt|target:_blank&#8220; items=&#8220;%5B%7B%22icon%22%3A%22far%20fa-check%22%2C%22text%22%3A%22Individuell%20auf%20deine%20Bed%C3%BCrfnisse%20abgestimmt%22%2C%22available%22%3A%221%22%7D%2C%7B%22icon%22%3A%22far%20fa-check%22%2C%22text%22%3A%22Umfang%20richtet%20sich%20je%20nach%20Thema%22%2C%22available%22%3A%221%22%7D%5D&#8220; image=&#8220;3092&#8243; sub_title=&#8220;ErlebnisP\u00e4dagogisches Reiten&#8220;][\/tm_pricing_group][tm_spacer size=&#8220;lg:80&#8243;][vc_row_inner][vc_column_inner width=&#8220;1\/4&#8243;][\/vc_column_inner][vc_column_inner width=&#8220;1\/4&#8243;][tm_spacer size=&#8220;lg:20&#8243;][tm_image image_size=&#8220;custom&#8220; align=&#8220;center&#8220; xs_align=&#8220;center&#8220; image=&#8220;3571&#8243; image_size_height=&#8220;100&#8243;][\/vc_column_inner][vc_column_inner width=&#8220;1\/4&#8243;][tm_image image_size=&#8220;custom&#8220; align=&#8220;center&#8220; image=&#8220;3680&#8243;][\/vc_column_inner][vc_column_inner width=&#8220;1\/4&#8243;][\/vc_column_inner][\/vc_row_inner][\/vc_column][\/vc_row]","og_url":"https:\/\/stalden-farm.ch\/index.php\/preise\/","og_site_name":"Stalden-Farm","article_modified_time":"2025-01-27T08:25:04+00:00","twitter_card":"summary_large_image","twitter_misc":{"Gesch\u00e4tzte Lesezeit":"2\u00a0Minuten"},"schema":{"@context":"https:\/\/schema.org","@graph":[{"@type":"WebPage","@id":"https:\/\/stalden-farm.ch\/index.php\/preise\/","url":"https:\/\/stalden-farm.ch\/index.php\/preise\/","name":"Investition - Stalden-Farm","isPartOf":{"@id":"https:\/\/stalden-farm.ch\/#website"},"datePublished":"2023-03-24T09:55:47+00:00","dateModified":"2025-01-27T08:25:04+00:00","breadcrumb":{"@id":"https:\/\/stalden-farm.ch\/index.php\/preise\/#breadcrumb"},"inLanguage":"de","potentialAction":[{"@type":"ReadAction","target":["https:\/\/stalden-farm.ch\/index.php\/preise\/"]}]},{"@type":"BreadcrumbList","@id":"https:\/\/stalden-farm.ch\/index.php\/preise\/#breadcrumb","itemListElement":[{"@type":"ListItem","position":1,"name":"Startseite","item":"https:\/\/stalden-farm.ch\/"},{"@type":"ListItem","position":2,"name":"Investition"}]},{"@type":"WebSite","@id":"https:\/\/stalden-farm.ch\/#website","url":"https:\/\/stalden-farm.ch\/","name":"Stalden-Farm","description":"Eine weitere WordPress-Website","publisher":{"@id":"https:\/\/stalden-farm.ch\/#\/schema\/person\/d86bf9f6854e842358c47aac315c3658"},"potentialAction":[{"@type":"SearchAction","target":{"@type":"EntryPoint","urlTemplate":"https:\/\/stalden-farm.ch\/?s={search_term_string}"},"query-input":{"@type":"PropertyValueSpecification","valueRequired":true,"valueName":"search_term_string"}}],"inLanguage":"de"},{"@type":["Person","Organization"],"@id":"https:\/\/stalden-farm.ch\/#\/schema\/person\/d86bf9f6854e842358c47aac315c3658","name":"Jasmin","image":{"@type":"ImageObject","inLanguage":"de","@id":"https:\/\/stalden-farm.ch\/#\/schema\/person\/image\/","url":"https:\/\/secure.gravatar.com\/avatar\/5bafcee8c9a475f659c29ca5b7ebaef7ad0cebacf1a57c1e8c908dcb9739f8b3?s=96&d=mm&r=g","contentUrl":"https:\/\/secure.gravatar.com\/avatar\/5bafcee8c9a475f659c29ca5b7ebaef7ad0cebacf1a57c1e8c908dcb9739f8b3?s=96&d=mm&r=g","caption":"Jasmin"},"logo":{"@id":"https:\/\/stalden-farm.ch\/#\/schema\/person\/image\/"}}]}},"_links":{"self":[{"href":"https:\/\/stalden-farm.ch\/index.php\/wp-json\/wp\/v2\/pages\/3374","targetHints":{"allow":["GET"]}}],"collection":[{"href":"https:\/\/stalden-farm.ch\/index.php\/wp-json\/wp\/v2\/pages"}],"about":[{"href":"https:\/\/stalden-farm.ch\/index.php\/wp-json\/wp\/v2\/types\/page"}],"author":[{"embeddable":true,"href":"https:\/\/stalden-farm.ch\/index.php\/wp-json\/wp\/v2\/users\/1"}],"replies":[{"embeddable":true,"href":"https:\/\/stalden-farm.ch\/index.php\/wp-json\/wp\/v2\/comments?post=3374"}],"version-history":[{"count":52,"href":"https:\/\/stalden-farm.ch\/index.php\/wp-json\/wp\/v2\/pages\/3374\/revisions"}],"predecessor-version":[{"id":3878,"href":"https:\/\/stalden-farm.ch\/index.php\/wp-json\/wp\/v2\/pages\/3374\/revisions\/3878"}],"wp:attachment":[{"href":"https:\/\/stalden-farm.ch\/index.php\/wp-json\/wp\/v2\/media?parent=3374"}],"curies":[{"name":"wp","href":"https:\/\/api.w.org\/{rel}","templated":true}]}}