{"id":502,"date":"2023-06-28T07:18:16","date_gmt":"2023-06-28T05:18:16","guid":{"rendered":"http:\/\/stalden-farm.ch\/index.php\/retrostyle\/"},"modified":"2024-02-28T18:09:43","modified_gmt":"2024-02-28T17:09:43","slug":"home","status":"publish","type":"page","link":"https:\/\/stalden-farm.ch\/index.php\/home\/","title":{"rendered":"Pferdegest\u00fctzte Therapie (Reittherapie\/Heilp\u00e4dagogisches Reiten)"},"content":{"rendered":"<p>[vc_row full_width=&#8220;stretch_row&#8220; background_color=&#8220;custom&#8220; lg_spacing=&#8220;padding_top:140;padding_bottom:50&#8243; el_id=&#8220;welcome&#8220; custom_background_color=&#8220;#f9eee0&#8243;][vc_column][tm_heading tag=&#8220;div&#8220; custom_google_font=&#8220;&#8220; font_weight=&#8220;700&#8243; text_transform=&#8220;uppercase&#8220; align=&#8220;center&#8220; text_color=&#8220;primary&#8220; text=&#8220;Pferdegest\u00fctzte Therapie &amp; tiergest\u00fctzte Interventionen&#8220; font_size=&#8220;lg:12&#8243; letter_spacing=&#8220;1.71px&#8220;][tm_spacer size=&#8220;lg:20&#8243;][tm_heading custom_google_font=&#8220;&#8220; align=&#8220;center&#8220; text=&#8220;Willkommen auf der Stalden Farm&#8220; font_size=&#8220;lg:46&#8243;][tm_spacer size=&#8220;lg:25&#8243;][vc_separator color=&#8220;custom&#8220; accent_color=&#8220;rgba(79,50,48,0.1)&#8220;][tm_spacer size=&#8220;lg:35&#8243;][tm_heading tag=&#8220;div&#8220; custom_google_font=&#8220;&#8220; align=&#8220;center&#8220; text=&#8220;Hi, ich bin Jasmin und unterst\u00fctze Kinder, Jugendliche und Frauen \u00fcber sich hinaus zu wachsen, selbstbewusster zu werden, ihre Selbstheilungskr\u00e4fte und ihre Ressourcen in sich zu aktivieren. Dies damit sie ihre Emotionen, Bed\u00fcrfnisse, Sorgen und \u00c4ngste besser wahrnehmen und einen entspannten Umgang damit finden k\u00f6nnen. Durch meine professionellen F\u00e4higkeiten als Sozialp\u00e4dagogin, Reittherapeutin, Traumap\u00e4dagogin und in den Spezialgebieten Hochsensibilit\u00e4t, Autismus und ADHS, kann ich Dich mit Leichtigkeit auch bei den Themen Selbstf\u00fchrsorge\/ Selbstliebe (Burnoutprophylaxe) begleiten. Meine pers\u00f6nliche Erfahrung gepaart mit einer guten Prise Humor, zusammen mit der Hilfe unserer liebevollen Tiere unterst\u00fctzen wir dich, dass du dich wertvoll, stolz, stark, mutig, befl\u00fcgelt und gl\u00fccklich f\u00fchlst.&#8220; max_width=&#8220;700px&#8220;][tm_spacer size=&#8220;lg:120&#8243;][tm_heading custom_google_font=&#8220;&#8220; align=&#8220;center&#8220; text=&#8220;Was m\u00f6chtest du?&#8220; font_size=&#8220;lg:46&#8243;][tm_spacer size=&#8220;lg:30&#8243;][vc_row_inner gutter=&#8220;sm:30;md:50;lg:70&#8243;][vc_column_inner width=&#8220;1\/3&#8243;][tm_image image_size=&#8220;custom&#8220; full_wide=&#8220;1&#8243; image=&#8220;3550&#8243; image_size_width=&#8220;330&#8243; image_size_height=&#8220;400&#8243;][tm_spacer size=&#8220;lg:20&#8243;][tm_heading tag=&#8220;div&#8220; custom_google_font=&#8220;&#8220; align=&#8220;center&#8220; text=&#8220;M\u00f6chtest du deinen K\u00f6rper deine Seele, deine Bed\u00fcrfnisse, deine Grenzen, besser sp\u00fcren, wahrnehmen und dich f\u00fcr diese mehr einsetzten lernen?<\/p>\n<p>M\u00f6chtest du \u00fcber dich hinauswachsen und entdecken was f\u00fcr ein grosses Potenzial in dir steckt?&#8220; max_width=&#8220;700px&#8220;][tm_spacer size=&#8220;lg:40&#8243;][\/vc_column_inner][vc_column_inner width=&#8220;1\/3&#8243;][tm_image image_size=&#8220;custom&#8220; full_wide=&#8220;1&#8243; image=&#8220;3391&#8243; image_size_width=&#8220;330&#8243; image_size_height=&#8220;400&#8243;][tm_spacer size=&#8220;lg:20&#8243;][tm_heading tag=&#8220;div&#8220; custom_google_font=&#8220;&#8220; align=&#8220;center&#8220; text=&#8220;M\u00f6chtest du deine Konzentrationsf\u00e4higkeit und soziale Interaktion optimieren?<\/p>\n<p>M\u00f6chtest du deine Grob-Feinmotorik, dein K\u00f6rpertonus und Gleichgewicht st\u00e4rken?&#8220; max_width=&#8220;700px&#8220;][tm_spacer size=&#8220;lg:40&#8243;][\/vc_column_inner][vc_column_inner width=&#8220;1\/3&#8243;][tm_image image_size=&#8220;custom&#8220; full_wide=&#8220;1&#8243; image=&#8220;3334&#8243; image_size_width=&#8220;330&#8243; image_size_height=&#8220;400&#8243;][tm_spacer size=&#8220;lg:20&#8243;][tm_heading tag=&#8220;div&#8220; custom_google_font=&#8220;&#8220; align=&#8220;center&#8220; text=&#8220;M\u00f6chtest du selbstbewusster, mutiger, st\u00e4rker, gelassener, entspannter und fokussierter werden?<\/p>\n<p>M\u00f6chtest du deine \u00c4ngste, Trigger oder Trauer besser verarbeiten und einen neuen gelassenen Umgang damit finden?&#8220; max_width=&#8220;700px&#8220;][tm_spacer size=&#8220;lg:40&#8243;][\/vc_column_inner][\/vc_row_inner][\/vc_column][\/vc_row][vc_row full_width=&#8220;stretch_row&#8220; background_color=&#8220;custom&#8220; custom_background_color=&#8220;#e2d9dd&#8220;][vc_column][tm_spacer size=&#8220;lg:60&#8243;][tm_heading tag=&#8220;div&#8220; custom_google_font=&#8220;&#8220; font_weight=&#8220;700&#8243; text_transform=&#8220;uppercase&#8220; align=&#8220;center&#8220; text_color=&#8220;primary&#8220; text=&#8220;Dann bist du bei uns genau richtig&#8220; font_size=&#8220;lg:12&#8243; letter_spacing=&#8220;1.71px&#8220;][tm_spacer size=&#8220;lg:25&#8243;][vc_separator color=&#8220;custom&#8220; accent_color=&#8220;rgba(79,50,48,0.1)&#8220;][tm_spacer size=&#8220;lg:35&#8243;][tm_heading custom_google_font=&#8220;&#8220; align=&#8220;center&#8220; text=&#8220;Die Stalden Farm&#8220; font_size=&#8220;lg:46&#8243;][tm_spacer size=&#8220;lg:30&#8243;][tm_heading tag=&#8220;div&#8220; custom_google_font=&#8220;&#8220; align=&#8220;center&#8220; text=&#8220;Die Tiere auf der Stalden Farm nehmen dich wie du bist, sie bewerten dich nicht,<br \/>\nsie sehen direkt das gute in deinem Herzen. Sie sp\u00fcren ganz genau was du f\u00fchlst. Sie wissen, ob du gerade fr\u00f6hlich, \u00e4ngstlich, unsicher oder voller Zuversicht und Vertrauen bist.<br \/>\nDeine Einstellung lesen sie an deiner K\u00f6rpersprache ab. Die Tiere nehmen dich im Augenblick war, sie geben dir eine echte, klare R\u00fcckmeldung und unterst\u00fctzen dich, um dich besser wahrzunehmen und zu reflektieren. Dank diesen Eigenschaften, kannst du in einer sicheren und respektvollen Umgebung lernen, dich und dein Verhalten besser anzunehmen und herausfinden, wie du dein Potenzial, welches in dir steckt, hervorholst und wie eine wundersch\u00f6ne Blume aufbl\u00fchen l\u00e4sst.<br \/>\nDies geschieht nat\u00fcrlich nicht von heute auf morgen.<br \/>\nDenn was du denkst, das bist du (Buddha)und was du s\u00e4st, erntest du. Nach einem Sturm, Hagelschaden oder D\u00fcrre ben\u00f6tigt eine Blume mehr Energie, Pflege, Liebe und genug Zeit damit sie wieder in ihrer vollen Pracht bl\u00fchen kann.<\/p>\n<p>Die Stalden Farm ist genau der richtige Ort, dass dein schlummerndes Potenzial neu ges\u00e4t und mit viel liebevoller Pflege, aufbl\u00fchen und erstrahlen kann.<br \/>\nMit Liebe, genug Zeit, Mut neues auszuprobieren, gedeiht alles was du m\u00f6chtest.<br \/>\nF\u00fcr Jasmin und die Stalden Farm-Tiere, ist es eine Herzensangelegenheit dich in diesem Prozess zu unterst\u00fctzen.&#8220; max_width=&#8220;700px&#8220;][tm_spacer size=&#8220;lg:60&#8243;][\/vc_column][\/vc_row][vc_row full_width=&#8220;stretch_row_content&#8220; content_placement=&#8220;middle&#8220; background_color=&#8220;custom&#8220; lg_spacing=&#8220;padding_top:84;padding_bottom:100&#8243; custom_background_color=&#8220;#fbf5f1&#8243; background_image=&#8220;3059&#8243; background_position=&#8220;center&#8220;][vc_column][tm_spacer size=&#8220;xs:300;sm:500;md:500;lg:600&#8243;][\/vc_column][\/vc_row][vc_row full_width=&#8220;stretch_row&#8220; background_color=&#8220;custom&#8220; lg_spacing=&#8220;padding_top:140;padding_bottom:50&#8243; custom_background_color=&#8220;#e8e5d0&#8243; el_id=&#8220;angebot&#8220;][vc_column][tm_heading tag=&#8220;div&#8220; custom_google_font=&#8220;&#8220; font_weight=&#8220;700&#8243; text_transform=&#8220;uppercase&#8220; align=&#8220;center&#8220; text_color=&#8220;primary&#8220; text=&#8220;Auch bekannt unter dem Begriff Reittherapie \/Heilp\u00e4dagogisches Reiten&#8220; font_size=&#8220;lg:12&#8243; letter_spacing=&#8220;1.71px&#8220;][tm_spacer size=&#8220;lg:20&#8243;][tm_heading custom_google_font=&#8220;&#8220; align=&#8220;center&#8220; text=&#8220;Pferdegest\u00fctzte<br \/>\nTherapie (PT)&#8220; font_size=&#8220;lg:46&#8243;][tm_spacer size=&#8220;lg:25&#8243;][vc_separator color=&#8220;custom&#8220; accent_color=&#8220;rgba(79,50,48,0.1)&#8220;][tm_spacer size=&#8220;lg:35&#8243;][tm_heading tag=&#8220;div&#8220; custom_google_font=&#8220;&#8220; align=&#8220;center&#8220; text=&#8220;Pferdegest\u00fctzte Therapie (PT) ist eine tiergest\u00fctzte, erlebnistherapeutische und k\u00f6rperorientierte Therapieform. Die moderne PT sieht das Pferd als zentraler Motivationstr\u00e4ger in der Therapie, welcher Kinder wie Erwachsenen \u00fcber sich hinauswachsen und eigene F\u00e4higkeiten aktivieren l\u00e4sst.<\/p>\n<p>Jeder Mensch tr\u00e4gt die F\u00e4higkeit zur Entwicklung und Reifung in sich. Den Kontakt mit dem Pferd und die k\u00f6rperliche Bewegung mit und auf dem Pferd unterst\u00fctzt den Mensch, dessen Selbstheilungskr\u00e4fte zu aktivieren.<\/p>\n<p>Die PT versteht sich ganzheitlich. Somit wird der Mensch k\u00f6rperlich, geistig, emotional, sozial und mit allen Sinnen angesprochen und gef\u00f6rdert.<\/p>\n<p>Die Pferdegest\u00fctzte Therapie ersetzt keine Psychotherapie.&#8220; max_width=&#8220;700px&#8220;][tm_spacer size=&#8220;lg:35&#8243;][vc_btn title=&#8220;MEHR DAZU&#8220; style=&#8220;custom&#8220; custom_background=&#8220;#ea8400&#8243; custom_text=&#8220;#ffffff&#8220; shape=&#8220;square&#8220; align=&#8220;center&#8220; css_animation=&#8220;none&#8220; link=&#8220;url:https%3A%2F%2Fstalden-farm.ch%2Findex.php%2Fpt%2F%20|target:_blank&#8220;][tm_spacer size=&#8220;lg:60&#8243;][\/vc_column][\/vc_row][vc_row full_width=&#8220;stretch_row&#8220; content_placement=&#8220;middle&#8220; background_color=&#8220;custom&#8220; lg_spacing=&#8220;padding_top:84;padding_bottom:100&#8243; custom_background_color=&#8220;#d8ddc7&#8243;][vc_column width=&#8220;5\/12&#8243;][vc_row_inner content_alignment=&#8220;right&#8220; xs_content_alignment=&#8220;center&#8220; max_width=&#8220;440px&#8220; xs_spacing=&#8220;margin_bottom:70;padding_top:25&#8243;][vc_column_inner][tm_heading tag=&#8220;div&#8220; custom_google_font=&#8220;&#8220; font_weight=&#8220;700&#8243; text_transform=&#8220;uppercase&#8220; text_color=&#8220;primary&#8220; text=&#8220;Widerstandskraft&#8220; font_size=&#8220;lg:12&#8243; letter_spacing=&#8220;1.71px&#8220;][tm_spacer size=&#8220;lg:20&#8243;][tm_heading custom_google_font=&#8220;&#8220; text=&#8220;Trauma-<br \/>\np\u00e4dagogik<br \/>\nmit Pferd&#8220; font_size=&#8220;lg:46&#8243;][tm_spacer size=&#8220;lg:25&#8243;][vc_separator color=&#8220;custom&#8220; accent_color=&#8220;rgba(79,50,48,0.1)&#8220;][tm_spacer size=&#8220;lg:35&#8243;][tm_heading tag=&#8220;div&#8220; custom_google_font=&#8220;&#8220; text=&#8220;Durch meine Ausbildung als zertifizierte Traumap\u00e4dagogin (DeGPT\/ FVTP) mit Pferd, ist es mir m\u00f6glich, professionell Menschen mit traumatisierenden Lebenshintergr\u00fcnden in ihrem Stabilisierungsprozess zu begleiten. Mit Hilfe des Pferdes werden Ressourcen aktiviert und dadurch die Stabilit\u00e4t des Einzelnen gef\u00f6rdert. Das Pferd bietet eine wertfreie Annahme und das Gef\u00fchl von gehalten und getragen werden. So kann es zu Nachreifungen kommen und auch zur emotionalen \u00d6ffnung. Mit verschiedenen Stabilisierungstechniken wird k\u00f6rperlich, sozial und physisch an der Widerstandskraft gearbeitet. Ich begleite dich, mit einer Priese Humor, da ich es sehr wichtig finde, wieder den Spass im Leben zu entdecken.<br \/>\nIch tausche mich auf Wunsch sehr gerne mit Fachpersonen aus.<br \/>\nIch ersetze keine Psychotherapie.&#8220; max_width=&#8220;700px&#8220;][tm_spacer size=&#8220;lg:46&#8243;][\/vc_column_inner][\/vc_row_inner][\/vc_column][vc_column width=&#8220;7\/12&#8243;][tm_image image_size=&#8220;custom&#8220; image=&#8220;3716&#8243; lg_spacing=&#8220;margin_left:35&#8243; sm_spacing=&#8220;margin_left:10&#8243; xs_spacing=&#8220;margin_left:0&#8243; image_size_width=&#8220;600&#8243; image_size_height=&#8220;750&#8243;][\/vc_column][\/vc_row][vc_row full_width=&#8220;stretch_row_content&#8220; content_placement=&#8220;middle&#8220; background_color=&#8220;custom&#8220; lg_spacing=&#8220;padding_top:84;padding_bottom:100&#8243; custom_background_color=&#8220;#e8e5d0&#8243;][vc_column width=&#8220;7\/12&#8243; content_alignment=&#8220;right&#8220;][tm_image image_size=&#8220;custom&#8220; align=&#8220;right&#8220; image=&#8220;3390&#8243; lg_spacing=&#8220;margin_left:35&#8243; sm_spacing=&#8220;margin_left:10&#8243; xs_spacing=&#8220;margin_left:0&#8243; image_size_width=&#8220;650&#8243; image_size_height=&#8220;600&#8243;][tm_spacer size=&#8220;lg:60&#8243;][tm_image image_size=&#8220;custom&#8220; align=&#8220;right&#8220; image=&#8220;3391&#8243; lg_spacing=&#8220;margin_left:35&#8243; sm_spacing=&#8220;margin_left:10&#8243; xs_spacing=&#8220;margin_left:0&#8243; image_size_width=&#8220;650&#8243; image_size_height=&#8220;600&#8243;][tm_spacer size=&#8220;lg:60&#8243;][tm_image image_size=&#8220;custom&#8220; align=&#8220;right&#8220; image=&#8220;3392&#8243; lg_spacing=&#8220;margin_left:35&#8243; sm_spacing=&#8220;margin_left:10&#8243; xs_spacing=&#8220;margin_left:0&#8243; image_size_width=&#8220;650&#8243; image_size_height=&#8220;600&#8243;][\/vc_column][vc_column width=&#8220;5\/12&#8243;][vc_row_inner xs_content_alignment=&#8220;center&#8220; max_width=&#8220;440px&#8220; xs_spacing=&#8220;margin_bottom:70;padding_top:25&#8243;][vc_column_inner][tm_heading tag=&#8220;div&#8220; custom_google_font=&#8220;&#8220; font_weight=&#8220;700&#8243; text_transform=&#8220;uppercase&#8220; text_color=&#8220;primary&#8220; text=&#8220;Selbstvertrauen<br \/>\naufbauen&#8220; font_size=&#8220;lg:12&#8243; letter_spacing=&#8220;1.71px&#8220;][tm_spacer size=&#8220;lg:20&#8243;][tm_heading custom_google_font=&#8220;&#8220; text=&#8220;Die Wirkung der Pferde-<br \/>\ngest\u00fctzten<br \/>\nTherapie bei ADHS\/ADS&#8220; font_size=&#8220;lg:46&#8243;][tm_spacer size=&#8220;lg:20&#8243;][vc_separator color=&#8220;custom&#8220; accent_color=&#8220;rgba(79,50,48,0.1)&#8220;][tm_spacer size=&#8220;lg:20&#8243;][tm_heading tag=&#8220;div&#8220; custom_google_font=&#8220;&#8220; text=&#8220;Im Umgang mit dem Pferd wird die Konzentration gef\u00f6rdert, da Pferde vom Menschen eine hohe Aufmerksamkeit erwarten. Pferde arbeiten nur mit dem Menschen zusammen, wenn sich dieser voll und ganz auf sie konzentriert. Anderenfalls gehen sie ihre eigenen Wege. Dies heisst, sie lassen sich nicht f\u00fchren, wenden sich dem Fressen oder etwas Interessanterem zu. Durch die Pferde wird oft ein Grundarousal hervorgerufen, welches besonders den Kindern gut tut, ihre Aufmerksamkeit zu halten. Durch verschiedene Spiele k\u00f6nnen die unterschiedlichen Bereiche der Aufmerksamkeit geschult werden, wie fokussierter Aufmerksamkeit und geteilte Aufmerksamkeit.<br \/>\nBeim Putzen, f\u00fcrs Reiten richten, einen Parcoursablauf eintrainieren etc. braucht es viel Handlungsplanung.<br \/>\nDies kann durch visualisierte Abl\u00e4ufe trainiert werden. Ablaufpl\u00e4ne und weitere Hilfsmittel werden dem Kind beigebracht, so dass sie diese auch in anderen Kontext wie z.B. zu Hause \u00fcbernehmen kann.&#8220; max_width=&#8220;700px&#8220;][tm_spacer size=&#8220;lg:20&#8243;][tm_heading custom_google_font=&#8220;&#8220; text=&#8220;Selbstvertrauen<br \/>\naufbauen&#8220; font_size=&#8220;lg:40&#8243; max_width=&#8220;400px&#8220;][tm_spacer size=&#8220;lg:10&#8243;][tm_heading tag=&#8220;div&#8220; custom_google_font=&#8220;&#8220; text=&#8220;Neue Erfahrungen mit dem Pferd und Erfolgserlebnisse st\u00e4rken das Selbstbild. Durch fordernde aber nicht \u00fcberfordernde Aufgaben und spezifisches Lob f\u00fcr gut gemeisterte Aufgaben werden das Selbstwertgef\u00fchl und die Selbstsicherheit gest\u00e4rkt, was sich f\u00f6rderlich auf andere Problembereiche wie Stress, \u00c4ngste, und Depressionen auswirkt. Das Angenommen sein wird durch die Empathie seitens des Therapeuten sowie durch erfragen der W\u00fcnsche des Kindes vermittelt. Auch das Pferd, welches das Kind vorbehaltlos annimmt und durch das Getragenwerden durch das Pferd sowie die erh\u00f6hte Perspektive, unterst\u00fctzt das Kind im Erwerb eines positiven Selbstbildes.&#8220; max_width=&#8220;400px&#8220;][tm_spacer size=&#8220;lg:20&#8243;][tm_heading custom_google_font=&#8220;&#8220; text=&#8220;Entspannung&#8220; font_size=&#8220;lg:46&#8243;][tm_spacer size=&#8220;lg:10&#8243;][tm_heading tag=&#8220;div&#8220; custom_google_font=&#8220;&#8220; text=&#8220;PME, die Progressive Muskelentspannung, ist eine Technik, die sich auch auf dem Pferd umsetzen l\u00e4sst. Im Liegen auf dem Pferder\u00fccken oder im entspannten Sitz lernt das Kind sich \u00fcber seine Muskelpartien nach und nach kontrolliert zu entspannen. Auch eignen sich Fantasiereisen und Entspannungsgeschichten, damit sich das Kind auf sich selbst fokussieren kann. Die lockernden Schrittbewegungen des Pferdes helfen dem Kind in dieser Konzentrations- und Entspannungsphase dabei.&#8220; max_width=&#8220;400px&#8220;][tm_spacer size=&#8220;lg:20&#8243;][tm_heading custom_google_font=&#8220;&#8220; text=&#8220;Wissens-<br \/>\nerwerb&#8220; font_size=&#8220;lg:46&#8243;][tm_spacer size=&#8220;lg:10&#8243;][tm_heading tag=&#8220;div&#8220; custom_google_font=&#8220;&#8220; text=&#8220;Die ADHS-Kinder sollen Wissen \u00fcber ihre \u00abspeziellen F\u00e4higkeiten\u00bb erwerben. Pers\u00f6nliche Probleme des Kindes k\u00f6nnen durch explorierende Fragen besprochen werden. Die Kinder \u00f6ffnen sich durch den Kontakt zum Pferd emotional und lassen Gespr\u00e4che \u00fcber ihre Schwierigkeiten einfacher zu. Zudem zeigen auch Pferde einige Verhaltensweisen, die bei Kindern mit einem ADHS ebenfalls vorkommen, wie z.B. Reizoffenheit. Daran und ebenso wie an der Spiegelung der Verhaltensweisen der Kinder durch das Pferd, k\u00f6nnen Themen der Psychoedukation erarbeitet werden. Schlussendlich ist das Ziel, dass die Kinder ihr ADHS nicht als Last, sondern als \u00abSuperpower\u00bb sehen, welche ein Mehrwert f\u00fcr ihr Leben bedeutet.&#8220; max_width=&#8220;400px&#8220;][\/vc_column_inner][\/vc_row_inner][\/vc_column][\/vc_row][vc_row full_width=&#8220;stretch_row&#8220; content_placement=&#8220;middle&#8220; background_color=&#8220;custom&#8220; lg_spacing=&#8220;padding_top:84;padding_bottom:100&#8243; custom_background_color=&#8220;#f9eee0&#8243;][vc_column width=&#8220;5\/12&#8243;][vc_row_inner content_alignment=&#8220;right&#8220; xs_content_alignment=&#8220;center&#8220; max_width=&#8220;440px&#8220; xs_spacing=&#8220;margin_bottom:70;padding_top:25&#8243;][vc_column_inner][tm_heading tag=&#8220;div&#8220; custom_google_font=&#8220;&#8220; font_weight=&#8220;700&#8243; text_transform=&#8220;uppercase&#8220; text_color=&#8220;primary&#8220; text=&#8220;Selbstf\u00fchrsorge&#8220; font_size=&#8220;lg:12&#8243; letter_spacing=&#8220;1.71px&#8220;][tm_spacer size=&#8220;lg:20&#8243;][tm_heading custom_google_font=&#8220;&#8220; text=&#8220;Selbstliebe<br \/>\n(Burnout-<br \/>\nprophilaxe)&#8220; font_size=&#8220;lg:46&#8243;][tm_spacer size=&#8220;lg:25&#8243;][vc_separator color=&#8220;custom&#8220; accent_color=&#8220;rgba(79,50,48,0.1)&#8220;][tm_spacer size=&#8220;lg:35&#8243;][tm_heading tag=&#8220;div&#8220; custom_google_font=&#8220;&#8220; text=&#8220;Das Pferd unterst\u00fctzt dich, bei deiner innerlichen Angespanntheit und Stress zu vergessen und zur Ruhe zu kommen. Aus verschiedenen Studien wissen wir, dass sich der Puls und Herzschlag vom Mensch und Pferd anpassen, weil die N\u00e4he des Pferdes eine beruhigende Wirkung auf uns hat. Ein entspannter K\u00f6rper entwickelt automatisch einen entspannten Geist, so dass \u00c4ngste und Druck abgebaut werden. Das Feedback der Pferde zeigt dir wohlwollend hinderliche Blockaden und belastende Verhaltensmuster auf. Durch unsere emphatischen Coaching-Pferde kannst du direkt erkennen, wie dieses Muster durch konstruktives Tun ersetzt werden kann. Es gilt Altlasten loszulassen, um Platz f\u00fcr Neues zu schaffen. Wir zeigen dir M\u00f6glichkeiten auf, wie du trotz aller Belastungen im Alltag Leichtigkeit, Entspanntheit und Freude integrieren kannst.&#8220; max_width=&#8220;700px&#8220;][tm_spacer size=&#8220;lg:46&#8243;][\/vc_column_inner][\/vc_row_inner][\/vc_column][vc_column width=&#8220;7\/12&#8243;][tm_image image_size=&#8220;custom&#8220; image=&#8220;3394&#8243; lg_spacing=&#8220;margin_left:35&#8243; sm_spacing=&#8220;margin_left:10&#8243; xs_spacing=&#8220;margin_left:0&#8243; image_size_width=&#8220;600&#8243; image_size_height=&#8220;500&#8243;][\/vc_column][\/vc_row][vc_row full_width=&#8220;stretch_row_content&#8220; content_placement=&#8220;middle&#8220; background_color=&#8220;custom&#8220; lg_spacing=&#8220;padding_top:84;padding_bottom:100&#8243; custom_background_color=&#8220;#e8e5d0&#8243;][vc_column width=&#8220;7\/12&#8243; content_alignment=&#8220;right&#8220;][tm_image image_size=&#8220;custom&#8220; align=&#8220;right&#8220; image=&#8220;3535&#8243; lg_spacing=&#8220;margin_left:35&#8243; sm_spacing=&#8220;margin_left:10&#8243; xs_spacing=&#8220;margin_left:0&#8243; image_size_width=&#8220;750&#8243; image_size_height=&#8220;600&#8243;][tm_spacer size=&#8220;lg:60&#8243;][tm_image image_size=&#8220;custom&#8220; align=&#8220;right&#8220; image=&#8220;3364&#8243; lg_spacing=&#8220;margin_left:35&#8243; sm_spacing=&#8220;margin_left:10&#8243; xs_spacing=&#8220;margin_left:0&#8243; image_size_width=&#8220;750&#8243; image_size_height=&#8220;600&#8243;][tm_spacer size=&#8220;lg:60&#8243;][tm_image image_size=&#8220;custom&#8220; align=&#8220;right&#8220; image=&#8220;3533&#8243; lg_spacing=&#8220;margin_left:35&#8243; sm_spacing=&#8220;margin_left:10&#8243; xs_spacing=&#8220;margin_left:0&#8243; image_size_width=&#8220;750&#8243; image_size_height=&#8220;600&#8243;][\/vc_column][vc_column width=&#8220;5\/12&#8243;][vc_row_inner xs_content_alignment=&#8220;center&#8220; max_width=&#8220;440px&#8220; xs_spacing=&#8220;margin_bottom:70;padding_top:25&#8243;][vc_column_inner][tm_heading tag=&#8220;div&#8220; custom_google_font=&#8220;&#8220; font_weight=&#8220;700&#8243; text_transform=&#8220;uppercase&#8220; text_color=&#8220;primary&#8220; text=&#8220;von Tieren lernen&#8220; font_size=&#8220;lg:12&#8243; letter_spacing=&#8220;1.71px&#8220;][tm_spacer size=&#8220;lg:20&#8243;][tm_heading custom_google_font=&#8220;&#8220; text=&#8220;Tiergest\u00fctzte<br \/>\nInter-<br \/>\nventionen&#8220; font_size=&#8220;lg:46&#8243;][tm_spacer size=&#8220;lg:20&#8243;][vc_separator color=&#8220;custom&#8220; accent_color=&#8220;rgba(79,50,48,0.1)&#8220;][tm_spacer size=&#8220;lg:20&#8243;][tm_heading tag=&#8220;div&#8220; custom_google_font=&#8220;&#8220; text=&#8220;Nicht nur unsere Pferde, sondern auch unsere Minipigs, H\u00fchner und Katzen haben eine positive Wirkung auf die Menschen, die offen f\u00fcr Tiere sind und diese m\u00f6gen.<\/p>\n<p>In der Begegnung mit den Tieren liegt die Kraft, die das Wesen tief im inneren st\u00e4rkt. Wenn wir gelernt haben das Tier zu sehen und zu verstehen und es nicht nur als \u201eObjekt\u201c welches gehorchen muss sehen, lernen wir von den Tieren eine Menge. Durch dies sind wir selbst zur Reflexion f\u00e4hig und das Tier wird zum Therapeuten und Lehrer.<br \/>\nDas Ziel der Tiergest\u00fctzten Interventionen ist es mit Hilfe der Tiere die Entwicklung und Entfaltung des Menschen zu f\u00f6rdern. Dabei sind die Tiere ein T\u00fcr\u00f6ffner f\u00fcr so vieles, wenn es der Mensch zu l\u00e4sst.<\/p>\n<p>Dank der verschiedenen Tiere auf der Farm ist es m\u00f6glich sich mit v\u00f6llig unterschiedlichen Gr\u00f6ssen, Charakteren, Verhaltens-Ausdrucksweisen von Tieren auseinanderzusetzten.<\/p>\n<p>Durch den Umgang mit den Tieren und deren Versorgung: F\u00fcttern, Pflegen, Stallhygiene, beim Trainieren begleiten, lernen die Menschen f\u00fcr sich selbst und andere Verantwortung zu \u00fcbernehmen. Im Umgang mit den Tieren ist sehr viel Geduld n\u00f6tig, somit wird automatisch die Frustrationstoleranz und konstruktive F\u00fchrungsrolle trainiert. Dank der Auseinandersetzung mit den Bed\u00fcrfnissen der Tiere k\u00f6nnen eigenen Bed\u00fcrfnisse wahrgenommen und bearbeitet werden. Die verschiedenen Herausforderungen mit den Tieren f\u00f6rdert das der Mensch seine St\u00e4rken und Schw\u00e4chen erkennt und f\u00fchren folglich zu einer Steigerung des Selbstwert.<\/p>\n<p>Mit Hilfe des positiven, emphatischen Umgangs miteinander entstehen Beziehungen zwischen Mensch und Tier die in weiterer Folge im allt\u00e4glichen Leben auf Mensch-Mensch Beziehungen \u00fcbertragen werden.<\/p>\n<p>Mir ist es ein grosses Anliegen den respektvollen Umgang und den Mehrwert der Tiere vor allem Kindern und Menschen mit Handicap n\u00e4her zu bringen.<\/p>\n<p>F\u00fchrungen und Tiergesch\u00fctzte Interventionen, wie Tiergest\u00fctzte P\u00e4dagogik und -Aktivit\u00e4ten auf Anfrage.&#8220; max_width=&#8220;700px&#8220;][tm_spacer size=&#8220;lg:20&#8243;][\/vc_column_inner][\/vc_row_inner][\/vc_column][\/vc_row][vc_row full_width=&#8220;stretch_row&#8220; content_placement=&#8220;middle&#8220; background_color=&#8220;custom&#8220; lg_spacing=&#8220;padding_top:84;padding_bottom:100&#8243; custom_background_color=&#8220;#fbf5f1&#8243; el_id=&#8220;ich&#8220;][vc_column width=&#8220;5\/12&#8243;][vc_row_inner content_alignment=&#8220;right&#8220; xs_content_alignment=&#8220;center&#8220; max_width=&#8220;440px&#8220; xs_spacing=&#8220;margin_bottom:70;padding_top:25&#8243;][vc_column_inner][tm_heading tag=&#8220;div&#8220; custom_google_font=&#8220;&#8220; font_weight=&#8220;700&#8243; text_transform=&#8220;uppercase&#8220; text_color=&#8220;primary&#8220; text=&#8220;\u00dcber mich und meine Philosophie&#8220; font_size=&#8220;lg:12&#8243; letter_spacing=&#8220;1.71px&#8220;][tm_spacer size=&#8220;lg:20&#8243;][tm_heading custom_google_font=&#8220;&#8220; text=&#8220;Das bin ich!&#8220; font_size=&#8220;lg:46&#8243;][tm_spacer size=&#8220;lg:25&#8243;][vc_separator color=&#8220;custom&#8220; accent_color=&#8220;rgba(79,50,48,0.1)&#8220;][tm_spacer size=&#8220;lg:35&#8243;][tm_heading tag=&#8220;div&#8220; custom_google_font=&#8220;&#8220; text=&#8220;Wenn du m\u00f6chtest, kann ich dich auf deinem Lebensweg ein St\u00fcck begleiten, motivieren und st\u00e4rken. Dies mit viel Herz, einer Prise Humor, Leichtigkeit und meinen Herzenspferden Enapay und Sonya.<\/p>\n<p>Die Pferdegest\u00fctzte Therapie sieht das Pferd als zentraler Motivationstr\u00e4ger, welcher die Menschen \u00fcber sich hinauswachsen und eigene F\u00e4higkeiten aktivieren l\u00e4sst. Jeder Mensch tr\u00e4gt die F\u00e4higkeit zur Entwicklung und Reifung in sich. Die Begegnung mit dem Lebewesen Pferd und die k\u00f6rperliche Bewegung mit und auf dem Pferd hilft dem Menschen seine Selbstheilungskr\u00e4fte zu aktivieren.&#8220; max_width=&#8220;700px&#8220;][tm_spacer size=&#8220;lg:35&#8243;][vc_btn title=&#8220;MEHR \u00dcBER MICH&#8220; style=&#8220;custom&#8220; custom_background=&#8220;#ea8400&#8243; custom_text=&#8220;#ffffff&#8220; shape=&#8220;square&#8220; link=&#8220;url:http%3A%2F%2Fstalden-farm.ch%2Findex.php%2Fuebermich%2F&#8220;][\/vc_column_inner][\/vc_row_inner][\/vc_column][vc_column width=&#8220;7\/12&#8243;][tm_image image_size=&#8220;custom&#8220; image=&#8220;3032&#8243; lg_spacing=&#8220;margin_left:35&#8243; sm_spacing=&#8220;margin_left:10&#8243; xs_spacing=&#8220;margin_left:0&#8243; image_size_width=&#8220;600&#8243; image_size_height=&#8220;500&#8243;][\/vc_column][\/vc_row][vc_row full_width=&#8220;stretch_row&#8220; content_placement=&#8220;middle&#8220; background_color=&#8220;custom&#8220; lg_spacing=&#8220;padding_top:84;padding_bottom:100&#8243; custom_background_color=&#8220;#fbf5f1&#8243;][vc_column width=&#8220;5\/12&#8243;][vc_row_inner content_alignment=&#8220;right&#8220; xs_content_alignment=&#8220;center&#8220; max_width=&#8220;440px&#8220; xs_spacing=&#8220;margin_bottom:70;padding_top:25&#8243;][vc_column_inner][tm_heading tag=&#8220;div&#8220; custom_google_font=&#8220;&#8220; font_weight=&#8220;700&#8243; text_transform=&#8220;uppercase&#8220; text_color=&#8220;primary&#8220; text=&#8220;Die gute Seele&#8220; font_size=&#8220;lg:12&#8243; letter_spacing=&#8220;1.71px&#8220;][tm_spacer size=&#8220;lg:20&#8243;][tm_heading custom_google_font=&#8220;&#8220; text=&#8220;The Farmer&#8220; font_size=&#8220;lg:46&#8243;][tm_spacer size=&#8220;lg:25&#8243;][vc_separator color=&#8220;custom&#8220; accent_color=&#8220;rgba(79,50,48,0.1)&#8220;][tm_spacer size=&#8220;lg:35&#8243;][tm_heading tag=&#8220;div&#8220; custom_google_font=&#8220;&#8220; text=&#8220;Dank meinem Lebenspartner Ruben erstrahlt die Stalden Farm in neuem Glanz. Er ist als Farmer, Schreiner, Maurer, Klemptner, Schlosser, G\u00e4rtner, Holzer, Schweinefl\u00fcsterer und H\u00fchnerpapa so vielf\u00e4ltig wie ein Schweizer Taschenmesser.&#8220; max_width=&#8220;700px&#8220;][tm_spacer size=&#8220;lg:35&#8243;][\/vc_column_inner][\/vc_row_inner][\/vc_column][vc_column width=&#8220;7\/12&#8243;][tm_image image_size=&#8220;custom&#8220; image=&#8220;3728&#8243; lg_spacing=&#8220;margin_left:35&#8243; sm_spacing=&#8220;margin_left:10&#8243; xs_spacing=&#8220;margin_left:0&#8243; image_size_width=&#8220;600&#8243; image_size_height=&#8220;500&#8243;][\/vc_column][\/vc_row][vc_row full_width=&#8220;stretch_row_content&#8220; background_color=&#8220;custom&#8220; custom_background_color=&#8220;#f9eee0&#8243;][vc_column][tm_spacer size=&#8220;lg:60&#8243;][tm_heading tag=&#8220;div&#8220; custom_google_font=&#8220;&#8220; font_weight=&#8220;700&#8243; text_transform=&#8220;uppercase&#8220; align=&#8220;center&#8220; text_color=&#8220;primary&#8220; text=&#8220;Wir sind f\u00fcr dich da&#8220; font_size=&#8220;lg:12&#8243; letter_spacing=&#8220;1.71px&#8220;][tm_spacer size=&#8220;lg:20&#8243;][tm_heading custom_google_font=&#8220;&#8220; align=&#8220;center&#8220; text=&#8220;Tierische Coaches&#8220; font_size=&#8220;lg:46&#8243;][tm_spacer size=&#8220;lg:25&#8243;][vc_separator color=&#8220;custom&#8220; el_width=&#8220;70&#8243; accent_color=&#8220;rgba(79,50,48,0.1)&#8220;][tm_spacer size=&#8220;lg:5&#8243;][\/vc_column][\/vc_row][vc_row full_width=&#8220;stretch_row&#8220; content_placement=&#8220;middle&#8220; background_color=&#8220;custom&#8220; lg_spacing=&#8220;padding_top:84;padding_bottom:100&#8243; custom_background_color=&#8220;#f9eee0&#8243;][vc_column width=&#8220;5\/12&#8243;][vc_row_inner content_alignment=&#8220;right&#8220; xs_content_alignment=&#8220;center&#8220; max_width=&#8220;440px&#8220; xs_spacing=&#8220;margin_bottom:70;padding_top:25&#8243;][vc_column_inner][tm_heading tag=&#8220;div&#8220; custom_google_font=&#8220;&#8220; font_weight=&#8220;700&#8243; text_transform=&#8220;uppercase&#8220; text_color=&#8220;primary&#8220; text=&#8220;Unsere Pferde&#8220; font_size=&#8220;lg:12&#8243; letter_spacing=&#8220;1.71px&#8220;][tm_spacer size=&#8220;lg:20&#8243;][tm_heading custom_google_font=&#8220;&#8220; text=&#8220;Sonya&#8220; font_size=&#8220;lg:46&#8243;][tm_heading style=&#8220;highlight-02&#8243; custom_google_font=&#8220;&#8220; text=&#8220;S\u00fcddeutsches Kaltblut\/ geb. Mai 2009&#8243;][tm_spacer size=&#8220;lg:25&#8243;][vc_separator color=&#8220;custom&#8220; accent_color=&#8220;rgba(79,50,48,0.1)&#8220;][tm_spacer size=&#8220;lg:35&#8243;][tm_heading tag=&#8220;div&#8220; custom_google_font=&#8220;&#8220; text=&#8220;Unsere herzensgute, liebevolle riesen Teddyb\u00e4rin.<br \/>\nGelassen und nicht aus der Ruhe zu bringen. Bei ihr kannst du entschleunigen und dich sicher f\u00fchlen, denn sie geht alles bedacht und gem\u00e4chlich an.<br \/>\nSo riesig wie Sonya ist, so riesig ist ihr Herz. Sie mag alle Menschen.<br \/>\nDu f\u00fchlst dich \u00f6fters unsicher, \u00e4ngstlich, gestresst, angespannt, nicht genug, traurig\u2026.?<br \/>\nDies ist Sonya egal, sie mag dich so oder so, wenn du ihr gegen\u00fcber fair und respektvoll bist.<br \/>\nSie liebt es von dir geb\u00fcrstet und gestreichelt zu werden oder einfach in deiner N\u00e4he zu sein.<br \/>\nSonya ist eine gute Lehrmeisterin charmant und best\u00e4ndig f\u00fcr ihre Bed\u00fcrfnisse einzustehen.<br \/>\nSie ist leider sehr verfressen und sie hat immmmer Hunger. Aber perfekt w\u00e4re ja auch langweilig.&#8220; max_width=&#8220;700px&#8220;][\/vc_column_inner][\/vc_row_inner][\/vc_column][vc_column width=&#8220;7\/12&#8243;][tm_image image_size=&#8220;custom&#8220; image=&#8220;3055&#8243; lg_spacing=&#8220;margin_left:35&#8243; sm_spacing=&#8220;margin_left:10&#8243; xs_spacing=&#8220;margin_left:0&#8243; image_size_width=&#8220;600&#8243; image_size_height=&#8220;500&#8243;][\/vc_column][\/vc_row][vc_row full_width=&#8220;stretch_row&#8220; content_placement=&#8220;middle&#8220; background_color=&#8220;custom&#8220; lg_spacing=&#8220;padding_top:84;padding_bottom:100&#8243; custom_background_color=&#8220;#f9eee0&#8243;][vc_column width=&#8220;5\/12&#8243;][vc_row_inner content_alignment=&#8220;right&#8220; xs_content_alignment=&#8220;center&#8220; max_width=&#8220;440px&#8220; xs_spacing=&#8220;margin_bottom:70;padding_top:25&#8243;][vc_column_inner][tm_heading custom_google_font=&#8220;&#8220; text=&#8220;Enapay&#8220; font_size=&#8220;lg:46&#8243;][tm_heading style=&#8220;highlight-02&#8243; custom_google_font=&#8220;&#8220; text=&#8220;Appaloosamix\/ geb. 09. Mai 2011&#8243;][tm_spacer size=&#8220;lg:25&#8243;][vc_separator color=&#8220;custom&#8220; accent_color=&#8220;rgba(79,50,48,0.1)&#8220;][tm_spacer size=&#8220;lg:35&#8243;][tm_heading tag=&#8220;div&#8220; custom_google_font=&#8220;&#8220; text=&#8220;Enapay oder Glubschi, (wenn wir Spassprogramm haben). Sie ist eine sensible und neugierige Stute, die sehr klar kommuniziert, wenn man sie aus ihrer Komfortzone holen m\u00f6chte oder ihre Grenzen \u00fcberschreitet. Somit ist Enapay die beste Lehrmeisterin seine eigenen Bed\u00fcrfnisse und Grenzen wahrzunehmen. Bei ihr kannst du lernen dich klar\/deutlich, respektvoll und beharrlich f\u00fcr deine Bed\u00fcrfnis einzusetzen. Auch kann sie dich dabei unterst\u00fctzen herauszufinden was deine Grenzen sind und in welchen Lebensbereichen es wichtig ist, dass du klar und respektvoll deinem Umfeld mitteilst, was du m\u00f6chtest.<br \/>\nEnapay unterst\u00fctzt dich gerne, deine Emotionen zu spiegeln, durch dies gelingt es dir diese besser wahrzunehmen, einzuordnen und einen Umgang damit zu finden.&#8220; max_width=&#8220;700px&#8220;][tm_spacer size=&#8220;lg:46&#8243;][\/vc_column_inner][\/vc_row_inner][\/vc_column][vc_column width=&#8220;7\/12&#8243;][tm_image image_size=&#8220;custom&#8220; image=&#8220;3618&#8243; lg_spacing=&#8220;margin_left:35&#8243; sm_spacing=&#8220;margin_left:10&#8243; xs_spacing=&#8220;margin_left:0&#8243; image_size_width=&#8220;600&#8243; image_size_height=&#8220;500&#8243;][\/vc_column][\/vc_row][vc_row full_width=&#8220;stretch_row&#8220; content_placement=&#8220;middle&#8220; background_color=&#8220;custom&#8220; lg_spacing=&#8220;padding_top:84;padding_bottom:100&#8243; custom_background_color=&#8220;#e8e5d0&#8243; el_id=&#8220;tiere&#8220;][vc_column width=&#8220;7\/12&#8243; content_alignment=&#8220;right&#8220;][tm_image image_size=&#8220;custom&#8220; align=&#8220;right&#8220; image=&#8220;3074&#8243; lg_spacing=&#8220;margin_left:35&#8243; sm_spacing=&#8220;margin_left:10&#8243; xs_spacing=&#8220;margin_left:0&#8243; image_size_width=&#8220;500&#8243; image_size_height=&#8220;600&#8243;][\/vc_column][vc_column width=&#8220;5\/12&#8243;][vc_row_inner xs_content_alignment=&#8220;center&#8220; max_width=&#8220;440px&#8220; xs_spacing=&#8220;margin_bottom:70;padding_top:25&#8243;][vc_column_inner][tm_heading tag=&#8220;div&#8220; custom_google_font=&#8220;&#8220; font_weight=&#8220;700&#8243; text_transform=&#8220;uppercase&#8220; text_color=&#8220;primary&#8220; text=&#8220;Unsere Katzen&#8220; font_size=&#8220;lg:12&#8243; letter_spacing=&#8220;1.71px&#8220;][tm_spacer size=&#8220;lg:20&#8243;][tm_heading custom_google_font=&#8220;&#8220; text=&#8220;Hackepeter \/ Piti&#8220; font_size=&#8220;lg:46&#8243;][tm_heading style=&#8220;highlight-02&#8243; custom_google_font=&#8220;&#8220; text=&#8220;Geb. Fr\u00fchling 2017&#8243;][tm_spacer size=&#8220;lg:25&#8243;][vc_separator color=&#8220;custom&#8220; accent_color=&#8220;rgba(79,50,48,0.1)&#8220;][tm_spacer size=&#8220;lg:35&#8243;][tm_heading tag=&#8220;div&#8220; custom_google_font=&#8220;&#8220; text=&#8220;Piti ist ein sehr sensibler und lieber Kater, der es sehr mag, wenn man ihn streichelt. Mitte Juni 2017 stand Hackepeter vor unserer T\u00fcr und war auch nach einer Nacht abwarten immer noch da. Somit haben wir ihn aufgenommen und er durfte bleiben. Bevor die Katze Miou zu uns stiess, war Piti hier der Platzchef, vor allem im Heustock und auf dem Sitzplatz. Nun sieht man ihn kaum noch. Wir hoffen die zwei kommen demn\u00e4chst besser aus und Pitti f\u00fchlt sich auf der Stalden Farm wieder wohl und kommt kuscheln.&#8220; max_width=&#8220;700px&#8220;][\/vc_column_inner][\/vc_row_inner][\/vc_column][\/vc_row][vc_row full_width=&#8220;stretch_row&#8220; content_placement=&#8220;middle&#8220; background_color=&#8220;custom&#8220; lg_spacing=&#8220;padding_top:84;padding_bottom:100&#8243; custom_background_color=&#8220;#e8e5d0&#8243;][vc_column width=&#8220;7\/12&#8243; content_alignment=&#8220;right&#8220;][tm_image image_size=&#8220;custom&#8220; align=&#8220;right&#8220; image=&#8220;3387&#8243; lg_spacing=&#8220;margin_left:35&#8243; sm_spacing=&#8220;margin_left:10&#8243; xs_spacing=&#8220;margin_left:0&#8243; image_size_width=&#8220;500&#8243; image_size_height=&#8220;600&#8243;][\/vc_column][vc_column width=&#8220;5\/12&#8243;][vc_row_inner xs_content_alignment=&#8220;center&#8220; max_width=&#8220;440px&#8220; xs_spacing=&#8220;margin_bottom:70;padding_top:25&#8243;][vc_column_inner][tm_heading custom_google_font=&#8220;&#8220; text=&#8220;Miou&#8220; font_size=&#8220;lg:46&#8243;][tm_heading style=&#8220;highlight-02&#8243; custom_google_font=&#8220;&#8220; text=&#8220;Geb. Fr\u00fchling 2022&#8243;][tm_spacer size=&#8220;lg:25&#8243;][vc_separator color=&#8220;custom&#8220; accent_color=&#8220;rgba(79,50,48,0.1)&#8220;][tm_spacer size=&#8220;lg:35&#8243;][tm_heading tag=&#8220;div&#8220; custom_google_font=&#8220;&#8220; text=&#8220;Wie sein \u00abKollege\u00bb stiess Miou Mitte Juni 2022 von selbst auf die Stalden Farm. Wir haben dann die Regel eingef\u00fchrt, was nach 24h immer noch hier ist, darf bleiben.<br \/>\nAnf\u00e4nglich war sie so schwach und mittlerweile ist sie eine K\u00e4mpferin. Miou hat nun die Platzchefin eingenommen und ist immer dort, wo die Menschen sind oder was los ist. Sie jagt die H\u00fchner, auch wenn diese sich nun verteidigen. Sie ben\u00f6tigt noch ein wenig Nervenkitzeln.&#8220; max_width=&#8220;700px&#8220;][tm_spacer size=&#8220;lg:46&#8243;][\/vc_column_inner][\/vc_row_inner][\/vc_column][\/vc_row][vc_row full_width=&#8220;stretch_row_content&#8220; content_placement=&#8220;middle&#8220; background_color=&#8220;custom&#8220; lg_spacing=&#8220;padding_top:84;padding_bottom:100&#8243; custom_background_color=&#8220;#e2d9dd&#8220;][vc_column width=&#8220;7\/12&#8243; content_alignment=&#8220;right&#8220;][tm_image image_size=&#8220;custom&#8220; align=&#8220;right&#8220; image=&#8220;3017&#8243; lg_spacing=&#8220;margin_left:35&#8243; sm_spacing=&#8220;margin_left:10&#8243; xs_spacing=&#8220;margin_left:0&#8243; image_size_width=&#8220;500&#8243; image_size_height=&#8220;600&#8243;][\/vc_column][vc_column width=&#8220;5\/12&#8243;][vc_row_inner xs_content_alignment=&#8220;center&#8220; max_width=&#8220;440px&#8220; xs_spacing=&#8220;margin_bottom:70;padding_top:25&#8243;][vc_column_inner][tm_heading tag=&#8220;div&#8220; custom_google_font=&#8220;&#8220; font_weight=&#8220;700&#8243; text_transform=&#8220;uppercase&#8220; text_color=&#8220;primary&#8220; text=&#8220;Unsere Minipigs&#8220; font_size=&#8220;lg:12&#8243; letter_spacing=&#8220;1.71px&#8220;][tm_spacer size=&#8220;lg:20&#8243;][tm_heading custom_google_font=&#8220;&#8220; text=&#8220;Schnitzel, Bacon, Ham &amp;<br \/>\nPiggeldy&#8220; font_size=&#8220;lg:46&#8243;][tm_spacer size=&#8220;lg:25&#8243;][vc_separator color=&#8220;custom&#8220; accent_color=&#8220;rgba(79,50,48,0.1)&#8220;][tm_spacer size=&#8220;lg:35&#8243;][tm_heading tag=&#8220;div&#8220; custom_google_font=&#8220;&#8220; text=&#8220;(ja es sind Minipigs, bis zu 100Kg nennt man diese so)<\/p>\n<p>Minipigs sehen sehr schlecht, darum f\u00fchlen sie sich wohler, wenn wir Menschen uns langsam bewegen und sie nicht an der Seite des Kopfes streicheln. Wenn doch, bekommen sie Angst und gehen. Ihre Lieblingskraulstellen sind oben am Kopf und besonders hinter den Ohren. Manche m\u00f6gen auch ein intensives R\u00fcckenkraulen oder F\u00fcdlikraulen. Wenn du sie genug liebevoll streichelst\/kraulst legen sie sich hin und lieben es, wenn du ihnen den Bauch streichelst.<br \/>\nWenn sie gehen m\u00f6chten, respektieren wir dies und halten sie nicht auf.<br \/>\nFutter kann da nat\u00fcrlich sehr stark helfen, dass sie bei dir bleiben. Unsere Schweinchen sind seeehr verfressen. Dies erkl\u00e4rt auch ihren K\u00f6rperumfang.&#8220; max_width=&#8220;700px&#8220;][tm_spacer size=&#8220;lg:46&#8243;][\/vc_column_inner][\/vc_row_inner][\/vc_column][\/vc_row][vc_row full_width=&#8220;stretch_row&#8220; content_placement=&#8220;middle&#8220; background_color=&#8220;custom&#8220; lg_spacing=&#8220;padding_top:84;padding_bottom:100&#8243; custom_background_color=&#8220;#e2d9dd&#8220;][vc_column width=&#8220;5\/12&#8243;][vc_row_inner content_alignment=&#8220;right&#8220; xs_content_alignment=&#8220;center&#8220; max_width=&#8220;440px&#8220; xs_spacing=&#8220;margin_bottom:70;padding_top:25&#8243;][vc_column_inner][tm_heading custom_google_font=&#8220;&#8220; text=&#8220;Schnitzel&#8220; font_size=&#8220;lg:46&#8243;][tm_heading style=&#8220;highlight-02&#8243; custom_google_font=&#8220;&#8220; text=&#8220;Geb. Juli 2016&#8243;][tm_spacer size=&#8220;lg:25&#8243;][vc_separator color=&#8220;custom&#8220; accent_color=&#8220;rgba(79,50,48,0.1)&#8220;][tm_spacer size=&#8220;lg:35&#8243;][tm_heading tag=&#8220;div&#8220; custom_google_font=&#8220;&#8220; text=&#8220;Unsere Gorillamama, mit einem grossen Herz. Lass dich nicht von ihren schwarzen Borsten t\u00e4uschen, denn sie ist das liebste Schweinchen von allen. Sie liebt es ganz fein gestreichelt zu werden bis sie aus lauter sauwohl sein ihren Borstenkamm stellt. Dann sieht sie ein wenig aus wie Elvis. Wenn du sie genug fein streichelst, legt sie sich hin und sie liebt es, dann am Bauch gestreichelt zu werden. Die Tricks mit ihr auszuf\u00fchren ist ein wenig harzig. Sie ist ein schlaues Schweinchen und weiss es gibt auch ohne Tricks genug Futter.&#8220; max_width=&#8220;700px&#8220;][tm_spacer size=&#8220;lg:46&#8243;][\/vc_column_inner][\/vc_row_inner][\/vc_column][vc_column width=&#8220;7\/12&#8243;][tm_image image_size=&#8220;custom&#8220; image=&#8220;3027&#8243; lg_spacing=&#8220;margin_left:35&#8243; sm_spacing=&#8220;margin_left:10&#8243; xs_spacing=&#8220;margin_left:0&#8243; image_size_width=&#8220;600&#8243; image_size_height=&#8220;500&#8243;][\/vc_column][\/vc_row][vc_row full_width=&#8220;stretch_row_content&#8220; content_placement=&#8220;middle&#8220; background_color=&#8220;custom&#8220; lg_spacing=&#8220;padding_top:84;padding_bottom:100&#8243; custom_background_color=&#8220;#e2d9dd&#8220;][vc_column width=&#8220;7\/12&#8243; content_alignment=&#8220;right&#8220;][tm_image image_size=&#8220;custom&#8220; align=&#8220;right&#8220; image=&#8220;3431&#8243; lg_spacing=&#8220;margin_left:35&#8243; sm_spacing=&#8220;margin_left:10&#8243; xs_spacing=&#8220;margin_left:0&#8243; image_size_width=&#8220;500&#8243; image_size_height=&#8220;600&#8243;][\/vc_column][vc_column width=&#8220;5\/12&#8243;][vc_row_inner xs_content_alignment=&#8220;center&#8220; max_width=&#8220;440px&#8220; xs_spacing=&#8220;margin_bottom:70;padding_top:25&#8243;][vc_column_inner][tm_heading custom_google_font=&#8220;&#8220; text=&#8220;Bacon&#8220; font_size=&#8220;lg:46&#8243;][tm_heading style=&#8220;highlight-02&#8243; custom_google_font=&#8220;&#8220; text=&#8220;Geb. Juli 2016&#8243;][tm_spacer size=&#8220;lg:25&#8243;][vc_separator color=&#8220;custom&#8220; accent_color=&#8220;rgba(79,50,48,0.1)&#8220;][tm_spacer size=&#8220;lg:35&#8243;][tm_heading tag=&#8220;div&#8220; custom_google_font=&#8220;&#8220; text=&#8220;Der Bruder von Schnitzel und unser kleinstes Schweinchen. \u00c4ngstlich, da er fast nichts mehr sieht und nicht gerade von Selbstbewusstsein strotzt, aber echt ein lieber Goldschatz. Seht \u00fcber seine Hauer (Z\u00e4hne) hinweg, die w\u00fcrde er niemals gegen\u00fcber dem Menschen einsetzten, diese brechen sowieso schon von selbst ab.<br \/>\nBacon ist ein K\u00e4mpfer. Echt unser Hero. Ein \u00dcberlebensk\u00fcnstler, ein Wiederaufstehm\u00e4nchen.<br \/>\nEr wurde nicht mir der besten Gesundheit gesegnet und war dementsprechend schon viel krank und hatte mehrere Unf\u00e4lle. Er hat sich aber immer wieder zur\u00fcck ins Leben gek\u00e4mpft. Er war der Regenbogenbr\u00fccke schon mehrmals sehr nahe. Als Kleinster und Schw\u00e4chster aus seinem Wurf hatte er es nicht leicht. Durch die Hierarchie der Schweine hat er somit viel aufs Dach bekommen. Somit geht er lieber dem \u00c4rger und den Rang h\u00f6heren Schweinen aus dem Weg. Aber wenn Miss Piggeldy ihm seinen Rang streitig machen m\u00f6chte, kann er dann schon einen auf Hulk machen. Auch wenn er danach sowas \u00e4hnliches wie ein Astmahanfall bekommt. Pf\u00f6tchen geben im Stehen, kann er am besten von allen.&#8220; max_width=&#8220;700px&#8220;][tm_spacer size=&#8220;lg:46&#8243;][\/vc_column_inner][\/vc_row_inner][\/vc_column][\/vc_row][vc_row full_width=&#8220;stretch_row&#8220; content_placement=&#8220;middle&#8220; background_color=&#8220;custom&#8220; lg_spacing=&#8220;padding_top:84;padding_bottom:100&#8243; custom_background_color=&#8220;#e2d9dd&#8220;][vc_column width=&#8220;5\/12&#8243;][vc_row_inner content_alignment=&#8220;right&#8220; xs_content_alignment=&#8220;center&#8220; max_width=&#8220;440px&#8220; xs_spacing=&#8220;margin_bottom:70;padding_top:25&#8243;][vc_column_inner][tm_heading custom_google_font=&#8220;&#8220; text=&#8220;Ham&#8220; font_size=&#8220;lg:46&#8243;][tm_heading style=&#8220;highlight-02&#8243; custom_google_font=&#8220;&#8220; text=&#8220;Geb. Fr\u00fchling 2018&#8243;][tm_spacer size=&#8220;lg:25&#8243;][vc_separator color=&#8220;custom&#8220; accent_color=&#8220;rgba(79,50,48,0.1)&#8220;][tm_spacer size=&#8220;lg:35&#8243;][tm_heading tag=&#8220;div&#8220; custom_google_font=&#8220;&#8220; text=&#8220;Der Chef. Der schlauste, gr\u00f6sste, st\u00e4rkste aber auch sehr sensible. Der Vater von Miss Piggeldy. Wenn er kommt m\u00fcssen die anderen Schweine aus dem Weg, vor allem wenn es Futter gibt, ansonsten kneift er sie ins F\u00fcdli (was in der Schweinehierarchie normal ist). Ihn zu streicheln ist eine Challenge. Dies gelingt dir nur, wenn du ganz langsam, entspannt, mit positiven Gedanken auf ihn zu gehst, damit er sich wohl in deiner Gegenwart f\u00fchlt. Ansonsten geht er. Dies respektieren wir und lassen ihn in Ruhe. Wenn du mit ihm Tricks mit Futter \u00fcben m\u00f6chtest bleibt er nat\u00fcrlich voll konzentriert bei dir. Er hat von allen am schnellsten Sitz und Pf\u00f6tchen geben gelernt.&#8220; max_width=&#8220;700px&#8220;][tm_spacer size=&#8220;lg:46&#8243;][\/vc_column_inner][\/vc_row_inner][\/vc_column][vc_column width=&#8220;7\/12&#8243;][tm_image image_size=&#8220;custom&#8220; lg_spacing=&#8220;margin_left:35&#8243; sm_spacing=&#8220;margin_left:10&#8243; xs_spacing=&#8220;margin_left:0&#8243; image_size_width=&#8220;600&#8243; image_size_height=&#8220;500&#8243; image=&#8220;3312&#8243;][\/vc_column][\/vc_row][vc_row full_width=&#8220;stretch_row_content&#8220; content_placement=&#8220;middle&#8220; background_color=&#8220;custom&#8220; lg_spacing=&#8220;padding_top:84;padding_bottom:100&#8243; custom_background_color=&#8220;#e2d9dd&#8220;][vc_column width=&#8220;7\/12&#8243; content_alignment=&#8220;right&#8220;][tm_image image_size=&#8220;custom&#8220; align=&#8220;right&#8220; image=&#8220;3314&#8243; lg_spacing=&#8220;margin_left:35&#8243; sm_spacing=&#8220;margin_left:10&#8243; xs_spacing=&#8220;margin_left:0&#8243; image_size_width=&#8220;500&#8243; image_size_height=&#8220;600&#8243;][\/vc_column][vc_column width=&#8220;5\/12&#8243;][vc_row_inner xs_content_alignment=&#8220;center&#8220; max_width=&#8220;440px&#8220; xs_spacing=&#8220;margin_bottom:70;padding_top:25&#8243;][vc_column_inner][tm_heading custom_google_font=&#8220;&#8220; text=&#8220;Miss Piggeldy&#8220; font_size=&#8220;lg:46&#8243;][tm_heading style=&#8220;highlight-02&#8243; custom_google_font=&#8220;&#8220; text=&#8220;Geb. 1.1.2000&#8243;][tm_spacer size=&#8220;lg:25&#8243;][vc_separator color=&#8220;custom&#8220; accent_color=&#8220;rgba(79,50,48,0.1)&#8220;][tm_spacer size=&#8220;lg:35&#8243;][tm_heading tag=&#8220;div&#8220; custom_google_font=&#8220;&#8220; text=&#8220;Unser Happy New Year Schweinchen (ja es hat nur eines gegeben. Die Eltern sind Schitzel und Ham.) Trotz t\u00e4glichen kuscheln und in der Stube mit uns TV schauen in den ersten Wochen ist sie noch nicht so kuschelig, wie wir uns dies vorgestellt haben. Aber jedes Tier hat seinen eigenen Charakter, was auch gut so ist. Piggeldy war schon als kleines Baby ein sehr wildes, selbstbestimmtes und freches Schweinchen. Zurzeit ist sie ein Teenager. Sie wird aber immer lieber und wir hoffen so lieb wie ihre Mutter Schnitzel.<br \/>\nSie mag es immer mehr gestreichelt zu werden und teilt dir sofort mit, wenn sie genug hat. Wenn du ihre Grenzen nicht respektierst, zeigt sie dir sehr klar und schnippisch, dass es nun wirklich reicht mit anfassen. Aber nat\u00fcrlich hilft auch hier Futter und sie macht die Tricks dann auch gerne daf\u00fcr mit.&#8220; max_width=&#8220;700px&#8220;][tm_spacer size=&#8220;lg:46&#8243;][\/vc_column_inner][\/vc_row_inner][\/vc_column][\/vc_row][vc_row full_width=&#8220;stretch_row&#8220; content_placement=&#8220;middle&#8220; background_color=&#8220;custom&#8220; lg_spacing=&#8220;padding_top:84;padding_bottom:100&#8243; custom_background_color=&#8220;#f9eee0&#8243;][vc_column width=&#8220;5\/12&#8243;][vc_row_inner content_alignment=&#8220;right&#8220; xs_content_alignment=&#8220;center&#8220; max_width=&#8220;440px&#8220; xs_spacing=&#8220;margin_bottom:70;padding_top:25&#8243;][vc_column_inner][tm_heading tag=&#8220;div&#8220; custom_google_font=&#8220;&#8220; font_weight=&#8220;700&#8243; text_transform=&#8220;uppercase&#8220; text_color=&#8220;primary&#8220; text=&#8220;Die H\u00fchnerfamilie wird gr\u00f6sser und gr\u00f6sser&#8220; font_size=&#8220;lg:12&#8243; letter_spacing=&#8220;1.71px&#8220;][tm_spacer size=&#8220;lg:20&#8243;][tm_heading custom_google_font=&#8220;&#8220; text=&#8220;The Chicks&#8220; font_size=&#8220;lg:46&#8243;][tm_spacer size=&#8220;lg:25&#8243;][vc_separator color=&#8220;custom&#8220; accent_color=&#8220;rgba(79,50,48,0.1)&#8220;][tm_spacer size=&#8220;lg:35&#8243;][tm_heading tag=&#8220;div&#8220; custom_google_font=&#8220;&#8220; text=&#8220;Alle H\u00fchner finden es nicht so l\u00e4ssig, wenn wir sie streicheln. Ausser wenn sie von selbst auf den Schoss kommen.&#8220; max_width=&#8220;700px&#8220;][tm_spacer size=&#8220;lg:35&#8243;][tm_heading custom_google_font=&#8220;&#8220; text=&#8220;Helga&#8220; font_size=&#8220;lg:46&#8243;][tm_heading tag=&#8220;div&#8220; custom_google_font=&#8220;&#8220; text=&#8220;Geb. April 2022<br \/>\nRasse: Sussex<br \/>\nHelga ist die Chefin. Sie ist clever, neugierig, zutraulich und am Menschen interessiert. Da Helga keine H\u00e4nde hat, pickt sie leider alles an. Somit Achtung auf eure F\u00fcsse.&#8220; max_width=&#8220;700px&#8220;][tm_spacer size=&#8220;lg:35&#8243;][\/vc_column_inner][\/vc_row_inner][\/vc_column][vc_column width=&#8220;7\/12&#8243;][tm_image image_size=&#8220;custom&#8220; image=&#8220;3316&#8243; lg_spacing=&#8220;margin_left:35&#8243; sm_spacing=&#8220;margin_left:10&#8243; xs_spacing=&#8220;margin_left:0&#8243; image_size_width=&#8220;600&#8243; image_size_height=&#8220;500&#8243;][\/vc_column][\/vc_row][vc_row full_width=&#8220;stretch_row_content&#8220; content_placement=&#8220;middle&#8220; background_color=&#8220;custom&#8220; lg_spacing=&#8220;padding_top:84;padding_bottom:100&#8243; custom_background_color=&#8220;#f9eee0&#8243;][vc_column width=&#8220;7\/12&#8243; content_alignment=&#8220;right&#8220;][tm_image image_size=&#8220;custom&#8220; align=&#8220;right&#8220; image=&#8220;3320&#8243; lg_spacing=&#8220;margin_left:35&#8243; sm_spacing=&#8220;margin_left:10&#8243; xs_spacing=&#8220;margin_left:0&#8243; image_size_width=&#8220;500&#8243; image_size_height=&#8220;600&#8243;][\/vc_column][vc_column width=&#8220;5\/12&#8243;][vc_row_inner xs_content_alignment=&#8220;center&#8220; max_width=&#8220;440px&#8220; xs_spacing=&#8220;margin_bottom:70;padding_top:25&#8243;][vc_column_inner][tm_heading custom_google_font=&#8220;&#8220; text=&#8220;Tweety&#8220; font_size=&#8220;lg:46&#8243;][tm_spacer size=&#8220;lg:25&#8243;][vc_separator color=&#8220;custom&#8220; accent_color=&#8220;rgba(79,50,48,0.1)&#8220;][tm_spacer size=&#8220;lg:35&#8243;][tm_heading tag=&#8220;div&#8220; custom_google_font=&#8220;&#8220; text=&#8220;Geb: April 2022<br \/>\nRasse: Andalusier<br \/>\nDas schwerste und gr\u00f6sste Huhn, das wir haben. &#8222;Zack da bin ich&#8222; ist ihr Motto, alle mal weg. Tweety teilt sich die Chefposition mit Helga. Sie ist sehr verfressen und findet, sie kommt immer zu kurz, somit pickt sie leider sehr grob das Futter aus den H\u00e4nden. F\u00fcr Jugendliche eine gute Mutprobe, wer dies am l\u00e4ngsten aushaltet. Wenn sie aus einem Sch\u00e4lchen das Futter bekommt ist alles sicher. Sie frisst sogar den Pferden das Spezialfutter weg und l\u00e4sst sich nicht wegscheuchen.&#8220; max_width=&#8220;700px&#8220;][tm_spacer size=&#8220;lg:46&#8243;][\/vc_column_inner][\/vc_row_inner][\/vc_column][\/vc_row][vc_row full_width=&#8220;stretch_row&#8220; content_placement=&#8220;middle&#8220; background_color=&#8220;custom&#8220; lg_spacing=&#8220;padding_top:84;padding_bottom:100&#8243; custom_background_color=&#8220;#f9eee0&#8243;][vc_column width=&#8220;5\/12&#8243;][vc_row_inner content_alignment=&#8220;right&#8220; xs_content_alignment=&#8220;center&#8220; max_width=&#8220;440px&#8220; xs_spacing=&#8220;margin_bottom:70;padding_top:25&#8243;][vc_column_inner][tm_heading custom_google_font=&#8220;&#8220; text=&#8220;M\u00e4gi&#8220; font_size=&#8220;lg:46&#8243;][tm_spacer size=&#8220;lg:25&#8243;][vc_separator color=&#8220;custom&#8220; accent_color=&#8220;rgba(79,50,48,0.1)&#8220;][tm_spacer size=&#8220;lg:35&#8243;][tm_heading tag=&#8220;div&#8220; custom_google_font=&#8220;&#8220; text=&#8220;Geb: April 2022<br \/>\nRasse: Maran<br \/>\nM\u00e4gi unsere edle Dame. Bedacht, sensibel, dennoch mutig. Denn M\u00e4gi hat sich von Miou noch nie wegjagen lassen und sich schon von Anfang an verteidigt. In der Sonne erstrahlt ihr sch\u00f6nes Federkleid gr\u00fcnlich, was sehr bezaubernd aussieht. Sie ist die einzige, welche Federn an den F\u00fcssen hat. Sie macht sch\u00f6ne und kreative Eier.&#8220; max_width=&#8220;700px&#8220;][tm_spacer size=&#8220;lg:35&#8243;][\/vc_column_inner][\/vc_row_inner][\/vc_column][vc_column width=&#8220;7\/12&#8243;][tm_image image_size=&#8220;custom&#8220; image=&#8220;3322&#8243; lg_spacing=&#8220;margin_left:35&#8243; sm_spacing=&#8220;margin_left:10&#8243; xs_spacing=&#8220;margin_left:0&#8243; image_size_width=&#8220;600&#8243; image_size_height=&#8220;500&#8243;][\/vc_column][\/vc_row][vc_row full_width=&#8220;stretch_row&#8220; content_placement=&#8220;middle&#8220; background_color=&#8220;custom&#8220; lg_spacing=&#8220;padding_top:84;padding_bottom:100&#8243; custom_background_color=&#8220;#f9eee0&#8243;][vc_column width=&#8220;5\/12&#8243;][tm_image image_size=&#8220;custom&#8220; align=&#8220;right&#8220; image=&#8220;3326&#8243; lg_spacing=&#8220;margin_left:35&#8243; sm_spacing=&#8220;margin_left:10&#8243; xs_spacing=&#8220;margin_left:0&#8243; image_size_width=&#8220;600&#8243; image_size_height=&#8220;650&#8243;][\/vc_column][vc_column width=&#8220;7\/12&#8243;][vc_row_inner xs_content_alignment=&#8220;center&#8220; max_width=&#8220;440px&#8220; xs_spacing=&#8220;margin_bottom:70;padding_top:25&#8243;][vc_column_inner][tm_heading custom_google_font=&#8220;&#8220; text=&#8220;Lotti&#8220; font_size=&#8220;lg:46&#8243;][tm_spacer size=&#8220;lg:25&#8243;][vc_separator color=&#8220;custom&#8220; accent_color=&#8220;rgba(79,50,48,0.1)&#8220;][tm_spacer size=&#8220;lg:35&#8243;][tm_heading tag=&#8220;div&#8220; custom_google_font=&#8220;&#8220; text=&#8220;Geb: April 2022<br \/>\nRasse: Schwarzglanz<br \/>\nLotti ist sehr scheu. Bei der Hirarchie \/ Hackordnung kommt sie am Schluss. Somit geht sie lieber ihren eigenen Weg. Lotti h\u00fcpft aus ihrem eigenz\u00e4unten Tagesgehege. Somit nennen wir sie auch Wanderhuhn. Sie liebt allein die Freiheit und wandert gerne. Am liebsten geht sie die ganze grosse Wiese entlang und in die G\u00e4rten unserer umliegenden Nachbarn. An dieser Stelle, ein grosses Dankesch\u00f6n an diese, da Lotti nicht nur das Unkraut j\u00e4tet, sondern auch die guten Bl\u00fcmchen und Anbauten unserer Nachbarn.&#8220; max_width=&#8220;700px&#8220;][tm_spacer size=&#8220;lg:35&#8243;][\/vc_column_inner][\/vc_row_inner][\/vc_column][\/vc_row][vc_row full_width=&#8220;stretch_row&#8220; content_placement=&#8220;middle&#8220; background_color=&#8220;custom&#8220; lg_spacing=&#8220;padding_top:84;padding_bottom:100&#8243; custom_background_color=&#8220;#f9eee0&#8243;][vc_column width=&#8220;5\/12&#8243;][vc_row_inner content_alignment=&#8220;right&#8220; xs_content_alignment=&#8220;center&#8220; max_width=&#8220;440px&#8220; xs_spacing=&#8220;margin_bottom:70;padding_top:25&#8243;][vc_column_inner][tm_heading custom_google_font=&#8220;&#8220; text=&#8220;Heidi &amp; Chepi&#8220; font_size=&#8220;lg:46&#8243;][tm_spacer size=&#8220;lg:25&#8243;][vc_separator color=&#8220;custom&#8220; accent_color=&#8220;rgba(79,50,48,0.1)&#8220;][tm_spacer size=&#8220;lg:35&#8243;][tm_heading tag=&#8220;div&#8220; custom_google_font=&#8220;&#8220; text=&#8220;Geb: Feb. 2023<br \/>\nRasse Heidi: Amrock<br \/>\nRasse Chepi: New Hampshire<br \/>\nUnsere beiden Neulinge, h\u00f6ren sich an wie Enten.&#8220; max_width=&#8220;700px&#8220;][tm_spacer size=&#8220;lg:35&#8243;][\/vc_column_inner][\/vc_row_inner][\/vc_column][vc_column width=&#8220;7\/12&#8243;][tm_image image_size=&#8220;custom&#8220; image=&#8220;3725&#8243; lg_spacing=&#8220;margin_left:35&#8243; sm_spacing=&#8220;margin_left:10&#8243; xs_spacing=&#8220;margin_left:0&#8243; image_size_width=&#8220;600&#8243; image_size_height=&#8220;500&#8243;][\/vc_column][\/vc_row][vc_row full_width=&#8220;stretch_row_content&#8220; background_color=&#8220;custom&#8220; custom_background_color=&#8220;#d8ddc7&#8243; el_id=&#8220;kontakt&#8220;][vc_column][tm_spacer size=&#8220;lg:46&#8243;][tm_heading tag=&#8220;div&#8220; custom_google_font=&#8220;&#8220; font_weight=&#8220;700&#8243; text_transform=&#8220;uppercase&#8220; align=&#8220;center&#8220; text_color=&#8220;primary&#8220; text=&#8220;Ich freue Mich auf euch&#8220; font_size=&#8220;lg:12&#8243; letter_spacing=&#8220;1.71px&#8220;][tm_spacer size=&#8220;lg:20&#8243;][tm_heading custom_google_font=&#8220;&#8220; align=&#8220;center&#8220; text=&#8220;Habe ich dein Interesse geweckt?&#8220; font_size=&#8220;lg:46&#8243;][tm_spacer size=&#8220;lg:25&#8243;][vc_separator color=&#8220;custom&#8220; el_width=&#8220;90&#8243; accent_color=&#8220;rgba(79,50,48,0.1)&#8220;][tm_spacer size=&#8220;lg:25&#8243;][tm_heading tag=&#8220;div&#8220; custom_google_font=&#8220;&#8220; align=&#8220;center&#8220; text=&#8220;Ich freue mich auf euren Besuch auf unserer Stalden-Farm. Gerne k\u00f6nnen wir einen kostenlosen Termin vereinbaren, damit wir uns kennen lernen. Bitte f\u00fclle das Formular aus, schreibe mir eine E-Mail oder kontaktiere mich per Telefon (Bitte Nachricht hinterlassen).&#8220; max_width=&#8220;700px&#8220;][tm_spacer size=&#8220;lg:50&#8243;][vc_row_inner][vc_column_inner width=&#8220;1\/3&#8243;][\/vc_column_inner][vc_column_inner width=&#8220;1\/3&#8243;][vc_wp_custom_html title=&#8220;Kontaktformular&#8220;]JTVCY29udGFjdC1mb3JtLTclMjBpZCUzRCUyMjclMjIlMjB0aXRsZSUzRCUyMkNvbnRhY3QlMjBmb3JtJTIwMSUyMiU1RA==[\/vc_wp_custom_html][tm_spacer size=&#8220;lg:50&#8243;][\/vc_column_inner][vc_column_inner width=&#8220;1\/3&#8243;][\/vc_column_inner][\/vc_row_inner][\/vc_column][\/vc_row]<\/p>\n","protected":false},"excerpt":{"rendered":"<p>[vc_row full_width=&#8220;stretch_row&#8220; background_color=&#8220;custom&#8220; lg_spacing=&#8220;padding_top:140;padding_bottom:50&#8243; el_id=&#8220;welcome&#8220; custom_background_color=&#8220;#f9eee0&#8243;][vc_column][tm_heading tag=&#8220;div&#8220; custom_google_font=&#8220;&#8220; font_weight=&#8220;700&#8243; text_transform=&#8220;uppercase&#8220; align=&#8220;center&#8220; text_color=&#8220;primary&#8220; text=&#8220;Pferdegest\u00fctzte Therapie &amp; tiergest\u00fctzte Interventionen&#8220; font_size=&#8220;lg:12&#8243; letter_spacing=&#8220;1.71px&#8220;][tm_spacer size=&#8220;lg:20&#8243;][tm_heading custom_google_font=&#8220;&#8220; align=&#8220;center&#8220; text=&#8220;Willkommen auf der Stalden Farm&#8220; font_size=&#8220;lg:46&#8243;][tm_spacer size=&#8220;lg:25&#8243;][vc_separator color=&#8220;custom&#8220; accent_color=&#8220;rgba(79,50,48,0.1)&#8220;][tm_spacer size=&#8220;lg:35&#8243;][tm_heading tag=&#8220;div&#8220; custom_google_font=&#8220;&#8220; align=&#8220;center&#8220; text=&#8220;Hi, ich bin Jasmin und unterst\u00fctze Kinder, Jugendliche und Frauen \u00fcber sich hinaus zu wachsen, selbstbewusster zu werden, ihre Selbstheilungskr\u00e4fte und ihre Ressourcen in sich zu aktivieren. Dies damit sie ihre Emotionen, Bed\u00fcrfnisse, Sorgen und \u00c4ngste besser wahrnehmen und einen entspannten Umgang damit finden k\u00f6nnen. Durch meine professionellen F\u00e4higkeiten als Sozialp\u00e4dagogin, Reittherapeutin, Traumap\u00e4dagogin und in den Spezialgebieten Hochsensibilit\u00e4t, Autismus und ADHS, kann ich Dich mit Leichtigkeit auch bei den Themen Selbstf\u00fchrsorge\/ Selbstliebe (Burnoutprophylaxe) begleiten. Meine pers\u00f6nliche Erfahrung gepaart mit einer guten Prise Humor, zusammen mit der Hilfe unserer liebevollen Tiere unterst\u00fctzen wir dich, dass du dich wertvoll, stolz, stark, mutig, befl\u00fcgelt und gl\u00fccklich f\u00fchlst.&#8220; max_width=&#8220;700px&#8220;][tm_spacer size=&#8220;lg:120&#8243;][tm_heading custom_google_font=&#8220;&#8220; align=&#8220;center&#8220; text=&#8220;Was m\u00f6chtest du?&#8220; font_size=&#8220;lg:46&#8243;][tm_spacer size=&#8220;lg:30&#8243;][vc_row_inner gutter=&#8220;sm:30;md:50;lg:70&#8243;][vc_column_inner width=&#8220;1\/3&#8243;][tm_image image_size=&#8220;custom&#8220; full_wide=&#8220;1&#8243; image=&#8220;3550&#8243; image_size_width=&#8220;330&#8243; image_size_height=&#8220;400&#8243;][tm_spacer size=&#8220;lg:20&#8243;][tm_heading tag=&#8220;div&#8220; custom_google_font=&#8220;&#8220; align=&#8220;center&#8220; text=&#8220;M\u00f6chtest du deinen K\u00f6rper deine Seele, deine Bed\u00fcrfnisse, deine Grenzen, besser sp\u00fcren, wahrnehmen und dich f\u00fcr diese mehr einsetzten lernen? M\u00f6chtest du \u00fcber dich hinauswachsen und entdecken was f\u00fcr ein grosses Potenzial in dir steckt?&#8220; max_width=&#8220;700px&#8220;][tm_spacer size=&#8220;lg:40&#8243;][\/vc_column_inner][vc_column_inner width=&#8220;1\/3&#8243;][tm_image image_size=&#8220;custom&#8220; full_wide=&#8220;1&#8243; image=&#8220;3391&#8243; image_size_width=&#8220;330&#8243; image_size_height=&#8220;400&#8243;][tm_spacer size=&#8220;lg:20&#8243;][tm_heading tag=&#8220;div&#8220; custom_google_font=&#8220;&#8220; align=&#8220;center&#8220; text=&#8220;M\u00f6chtest du deine Konzentrationsf\u00e4higkeit und soziale Interaktion optimieren? M\u00f6chtest du deine Grob-Feinmotorik, dein K\u00f6rpertonus und Gleichgewicht st\u00e4rken?&#8220; max_width=&#8220;700px&#8220;][tm_spacer size=&#8220;lg:40&#8243;][\/vc_column_inner][vc_column_inner width=&#8220;1\/3&#8243;][tm_image image_size=&#8220;custom&#8220; full_wide=&#8220;1&#8243; image=&#8220;3334&#8243; image_size_width=&#8220;330&#8243; image_size_height=&#8220;400&#8243;][tm_spacer size=&#8220;lg:20&#8243;][tm_heading tag=&#8220;div&#8220; custom_google_font=&#8220;&#8220; align=&#8220;center&#8220; text=&#8220;M\u00f6chtest du selbstbewusster, mutiger, st\u00e4rker, gelassener, entspannter und fokussierter werden? M\u00f6chtest du deine \u00c4ngste, Trigger oder Trauer besser verarbeiten und einen neuen gelassenen Umgang damit finden?&#8220; max_width=&#8220;700px&#8220;][tm_spacer size=&#8220;lg:40&#8243;][\/vc_column_inner][\/vc_row_inner][\/vc_column][\/vc_row][vc_row full_width=&#8220;stretch_row&#8220; background_color=&#8220;custom&#8220; custom_background_color=&#8220;#e2d9dd&#8220;][vc_column][tm_spacer size=&#8220;lg:60&#8243;][tm_heading tag=&#8220;div&#8220; custom_google_font=&#8220;&#8220; font_weight=&#8220;700&#8243; text_transform=&#8220;uppercase&#8220; align=&#8220;center&#8220; text_color=&#8220;primary&#8220; text=&#8220;Dann bist du bei uns genau richtig&#8220; font_size=&#8220;lg:12&#8243; letter_spacing=&#8220;1.71px&#8220;][tm_spacer size=&#8220;lg:25&#8243;][vc_separator color=&#8220;custom&#8220; accent_color=&#8220;rgba(79,50,48,0.1)&#8220;][tm_spacer size=&#8220;lg:35&#8243;][tm_heading custom_google_font=&#8220;&#8220; align=&#8220;center&#8220; text=&#8220;Die Stalden Farm&#8220; font_size=&#8220;lg:46&#8243;][tm_spacer size=&#8220;lg:30&#8243;][tm_heading tag=&#8220;div&#8220; custom_google_font=&#8220;&#8220; align=&#8220;center&#8220; text=&#8220;Die Tiere auf der Stalden Farm nehmen dich wie du bist, sie bewerten dich nicht, sie sehen direkt das gute in deinem Herzen. Sie sp\u00fcren ganz genau was du f\u00fchlst. Sie wissen, ob du gerade fr\u00f6hlich, \u00e4ngstlich, unsicher oder voller Zuversicht und Vertrauen bist. Deine Einstellung lesen sie an deiner K\u00f6rpersprache ab. Die Tiere nehmen dich im Augenblick war, sie geben dir eine echte, klare R\u00fcckmeldung und unterst\u00fctzen dich, um dich besser wahrzunehmen und zu reflektieren. Dank diesen Eigenschaften, kannst du in einer sicheren und respektvollen Umgebung lernen, dich und dein Verhalten besser anzunehmen und herausfinden, wie du dein Potenzial, welches in dir steckt, hervorholst und wie eine wundersch\u00f6ne Blume aufbl\u00fchen l\u00e4sst. Dies geschieht nat\u00fcrlich nicht von heute auf morgen. Denn was du denkst, das bist du (Buddha)und was du s\u00e4st, erntest du. Nach einem Sturm, Hagelschaden oder D\u00fcrre ben\u00f6tigt eine Blume mehr Energie, Pflege, Liebe und genug Zeit damit sie wieder in ihrer vollen Pracht bl\u00fchen kann. Die Stalden Farm ist genau der richtige Ort, dass dein schlummerndes Potenzial neu ges\u00e4t und mit viel liebevoller Pflege, aufbl\u00fchen und erstrahlen kann. Mit Liebe, genug Zeit, Mut neues auszuprobieren, gedeiht alles was du m\u00f6chtest. F\u00fcr Jasmin und die Stalden Farm-Tiere, ist es eine Herzensangelegenheit dich in diesem Prozess zu unterst\u00fctzen.&#8220; max_width=&#8220;700px&#8220;][tm_spacer size=&#8220;lg:60&#8243;][\/vc_column][\/vc_row][vc_row full_width=&#8220;stretch_row_content&#8220; content_placement=&#8220;middle&#8220; background_color=&#8220;custom&#8220; lg_spacing=&#8220;padding_top:84;padding_bottom:100&#8243; custom_background_color=&#8220;#fbf5f1&#8243; background_image=&#8220;3059&#8243; background_position=&#8220;center&#8220;][vc_column][tm_spacer size=&#8220;xs:300;sm:500;md:500;lg:600&#8243;][\/vc_column][\/vc_row][vc_row full_width=&#8220;stretch_row&#8220; background_color=&#8220;custom&#8220; lg_spacing=&#8220;padding_top:140;padding_bottom:50&#8243; custom_background_color=&#8220;#e8e5d0&#8243; el_id=&#8220;angebot&#8220;][vc_column][tm_heading tag=&#8220;div&#8220; custom_google_font=&#8220;&#8220; font_weight=&#8220;700&#8243; text_transform=&#8220;uppercase&#8220; align=&#8220;center&#8220; text_color=&#8220;primary&#8220; text=&#8220;Auch bekannt unter dem Begriff Reittherapie \/Heilp\u00e4dagogisches Reiten&#8220; font_size=&#8220;lg:12&#8243; letter_spacing=&#8220;1.71px&#8220;][tm_spacer size=&#8220;lg:20&#8243;][tm_heading custom_google_font=&#8220;&#8220; align=&#8220;center&#8220; text=&#8220;Pferdegest\u00fctzte Therapie (PT)&#8220; font_size=&#8220;lg:46&#8243;][tm_spacer size=&#8220;lg:25&#8243;][vc_separator color=&#8220;custom&#8220; accent_color=&#8220;rgba(79,50,48,0.1)&#8220;][tm_spacer size=&#8220;lg:35&#8243;][tm_heading tag=&#8220;div&#8220; custom_google_font=&#8220;&#8220; align=&#8220;center&#8220; text=&#8220;Pferdegest\u00fctzte Therapie (PT) ist eine tiergest\u00fctzte, erlebnistherapeutische und k\u00f6rperorientierte Therapieform. Die moderne PT sieht das Pferd als zentraler Motivationstr\u00e4ger in der Therapie, welcher Kinder wie Erwachsenen \u00fcber sich hinauswachsen und eigene F\u00e4higkeiten aktivieren l\u00e4sst. Jeder Mensch tr\u00e4gt die F\u00e4higkeit zur Entwicklung und Reifung in sich. Den Kontakt mit dem Pferd und die k\u00f6rperliche Bewegung mit und auf dem Pferd unterst\u00fctzt den Mensch, dessen Selbstheilungskr\u00e4fte zu aktivieren. Die PT versteht sich ganzheitlich. Somit wird der Mensch k\u00f6rperlich, geistig, emotional, sozial und mit allen Sinnen angesprochen und gef\u00f6rdert. Die Pferdegest\u00fctzte Therapie ersetzt keine Psychotherapie.&#8220; max_width=&#8220;700px&#8220;][tm_spacer size=&#8220;lg:35&#8243;][vc_btn title=&#8220;MEHR DAZU&#8220; style=&#8220;custom&#8220; custom_background=&#8220;#ea8400&#8243; custom_text=&#8220;#ffffff&#8220; shape=&#8220;square&#8220; align=&#8220;center&#8220; css_animation=&#8220;none&#8220; link=&#8220;url:https%3A%2F%2Fstalden-farm.ch%2Findex.php%2Fpt%2F%20|target:_blank&#8220;][tm_spacer size=&#8220;lg:60&#8243;][\/vc_column][\/vc_row][vc_row full_width=&#8220;stretch_row&#8220; content_placement=&#8220;middle&#8220; background_color=&#8220;custom&#8220; lg_spacing=&#8220;padding_top:84;padding_bottom:100&#8243; custom_background_color=&#8220;#d8ddc7&#8243;][vc_column width=&#8220;5\/12&#8243;][vc_row_inner content_alignment=&#8220;right&#8220; xs_content_alignment=&#8220;center&#8220; max_width=&#8220;440px&#8220; xs_spacing=&#8220;margin_bottom:70;padding_top:25&#8243;][vc_column_inner][tm_heading tag=&#8220;div&#8220; custom_google_font=&#8220;&#8220; font_weight=&#8220;700&#8243; text_transform=&#8220;uppercase&#8220; text_color=&#8220;primary&#8220; text=&#8220;Widerstandskraft&#8220; font_size=&#8220;lg:12&#8243; letter_spacing=&#8220;1.71px&#8220;][tm_spacer size=&#8220;lg:20&#8243;][tm_heading custom_google_font=&#8220;&#8220; text=&#8220;Trauma- p\u00e4dagogik mit Pferd&#8220; font_size=&#8220;lg:46&#8243;][tm_spacer size=&#8220;lg:25&#8243;][vc_separator color=&#8220;custom&#8220; accent_color=&#8220;rgba(79,50,48,0.1)&#8220;][tm_spacer size=&#8220;lg:35&#8243;][tm_heading tag=&#8220;div&#8220; custom_google_font=&#8220;&#8220; text=&#8220;Durch meine Ausbildung als zertifizierte Traumap\u00e4dagogin (DeGPT\/ FVTP) mit Pferd, ist es mir m\u00f6glich, professionell Menschen mit traumatisierenden Lebenshintergr\u00fcnden in ihrem Stabilisierungsprozess zu begleiten. Mit Hilfe des Pferdes werden Ressourcen aktiviert und dadurch die Stabilit\u00e4t des Einzelnen gef\u00f6rdert. Das Pferd bietet eine wertfreie Annahme und das Gef\u00fchl von gehalten und getragen werden. So kann es zu Nachreifungen kommen und auch zur emotionalen \u00d6ffnung. Mit verschiedenen Stabilisierungstechniken wird k\u00f6rperlich, sozial und physisch an der Widerstandskraft gearbeitet. Ich begleite dich, mit einer Priese Humor, da ich es sehr wichtig finde, wieder den Spass im Leben zu entdecken. Ich tausche mich auf Wunsch sehr gerne mit Fachpersonen aus. Ich ersetze keine Psychotherapie.&#8220; max_width=&#8220;700px&#8220;][tm_spacer size=&#8220;lg:46&#8243;][\/vc_column_inner][\/vc_row_inner][\/vc_column][vc_column width=&#8220;7\/12&#8243;][tm_image image_size=&#8220;custom&#8220; image=&#8220;3716&#8243; lg_spacing=&#8220;margin_left:35&#8243; sm_spacing=&#8220;margin_left:10&#8243; xs_spacing=&#8220;margin_left:0&#8243; image_size_width=&#8220;600&#8243; image_size_height=&#8220;750&#8243;][\/vc_column][\/vc_row][vc_row full_width=&#8220;stretch_row_content&#8220; content_placement=&#8220;middle&#8220; background_color=&#8220;custom&#8220; lg_spacing=&#8220;padding_top:84;padding_bottom:100&#8243; custom_background_color=&#8220;#e8e5d0&#8243;][vc_column width=&#8220;7\/12&#8243; content_alignment=&#8220;right&#8220;][tm_image image_size=&#8220;custom&#8220; align=&#8220;right&#8220; image=&#8220;3390&#8243; lg_spacing=&#8220;margin_left:35&#8243; sm_spacing=&#8220;margin_left:10&#8243; xs_spacing=&#8220;margin_left:0&#8243; image_size_width=&#8220;650&#8243; image_size_height=&#8220;600&#8243;][tm_spacer size=&#8220;lg:60&#8243;][tm_image image_size=&#8220;custom&#8220; align=&#8220;right&#8220; image=&#8220;3391&#8243; lg_spacing=&#8220;margin_left:35&#8243; sm_spacing=&#8220;margin_left:10&#8243; xs_spacing=&#8220;margin_left:0&#8243; image_size_width=&#8220;650&#8243; image_size_height=&#8220;600&#8243;][tm_spacer size=&#8220;lg:60&#8243;][tm_image image_size=&#8220;custom&#8220; align=&#8220;right&#8220; image=&#8220;3392&#8243; lg_spacing=&#8220;margin_left:35&#8243; sm_spacing=&#8220;margin_left:10&#8243; xs_spacing=&#8220;margin_left:0&#8243; image_size_width=&#8220;650&#8243; image_size_height=&#8220;600&#8243;][\/vc_column][vc_column width=&#8220;5\/12&#8243;][vc_row_inner xs_content_alignment=&#8220;center&#8220; max_width=&#8220;440px&#8220; xs_spacing=&#8220;margin_bottom:70;padding_top:25&#8243;][vc_column_inner][tm_heading tag=&#8220;div&#8220; custom_google_font=&#8220;&#8220; font_weight=&#8220;700&#8243; text_transform=&#8220;uppercase&#8220; text_color=&#8220;primary&#8220; text=&#8220;Selbstvertrauen aufbauen&#8220; font_size=&#8220;lg:12&#8243; letter_spacing=&#8220;1.71px&#8220;][tm_spacer size=&#8220;lg:20&#8243;][tm_heading custom_google_font=&#8220;&#8220; text=&#8220;Die Wirkung der Pferde- gest\u00fctzten Therapie bei ADHS\/ADS&#8220; font_size=&#8220;lg:46&#8243;][tm_spacer size=&#8220;lg:20&#8243;][vc_separator color=&#8220;custom&#8220; accent_color=&#8220;rgba(79,50,48,0.1)&#8220;][tm_spacer size=&#8220;lg:20&#8243;][tm_heading tag=&#8220;div&#8220; custom_google_font=&#8220;&#8220; text=&#8220;Im Umgang mit dem Pferd wird die Konzentration gef\u00f6rdert, da Pferde vom Menschen eine hohe Aufmerksamkeit erwarten. Pferde arbeiten nur mit dem Menschen zusammen, wenn sich dieser voll und ganz auf sie konzentriert. Anderenfalls gehen sie ihre eigenen Wege. Dies heisst, sie lassen sich nicht f\u00fchren, wenden sich dem Fressen oder etwas Interessanterem zu. Durch die Pferde wird oft ein Grundarousal hervorgerufen, welches besonders den Kindern gut tut, ihre Aufmerksamkeit zu halten. Durch verschiedene Spiele k\u00f6nnen die unterschiedlichen Bereiche der Aufmerksamkeit geschult werden, wie fokussierter Aufmerksamkeit und geteilte Aufmerksamkeit. Beim Putzen, f\u00fcrs Reiten richten, einen Parcoursablauf eintrainieren etc. braucht es viel Handlungsplanung. Dies kann durch visualisierte Abl\u00e4ufe trainiert werden. Ablaufpl\u00e4ne und weitere Hilfsmittel werden dem Kind beigebracht, so dass sie diese auch in anderen Kontext wie z.B. zu Hause \u00fcbernehmen kann.&#8220; max_width=&#8220;700px&#8220;][tm_spacer [&hellip;]<\/p>\n","protected":false},"author":1,"featured_media":0,"parent":0,"menu_order":0,"comment_status":"closed","ping_status":"closed","template":"","meta":{"footnotes":""},"class_list":["post-502","page","type-page","status-publish","hentry","post-no-thumbnail"],"yoast_head":"<!-- This site is optimized with the Yoast SEO plugin v25.7 - https:\/\/yoast.com\/wordpress\/plugins\/seo\/ -->\n<title>Pferdegest\u00fctzte Therapie (Reittherapie, Heilp\u00e4dagogisches Reiten)<\/title>\n<meta name=\"description\" content=\"Mit Unterst\u00fctzung der Tiere, sein Potenzial erkennen und \u00fcber sich hinauswachsen.\" \/>\n<meta name=\"robots\" content=\"index, follow, max-snippet:-1, max-image-preview:large, max-video-preview:-1\" \/>\n<link rel=\"canonical\" href=\"https:\/\/stalden-farm.ch\/index.php\/home\/\" \/>\n<meta property=\"og:locale\" content=\"de_DE\" \/>\n<meta property=\"og:type\" content=\"article\" \/>\n<meta property=\"og:title\" content=\"Pferdegest\u00fctzte Therapie (Reittherapie, Heilp\u00e4dagogisches Reiten)\" \/>\n<meta property=\"og:description\" content=\"Mit Unterst\u00fctzung der Tiere, sein Potenzial erkennen und \u00fcber sich hinauswachsen.\" \/>\n<meta property=\"og:url\" content=\"https:\/\/stalden-farm.ch\/index.php\/home\/\" \/>\n<meta property=\"og:site_name\" content=\"Stalden-Farm\" \/>\n<meta property=\"article:modified_time\" content=\"2024-02-28T17:09:43+00:00\" \/>\n<meta name=\"twitter:card\" content=\"summary_large_image\" \/>\n<meta name=\"twitter:label1\" content=\"Gesch\u00e4tzte Lesezeit\" \/>\n\t<meta name=\"twitter:data1\" content=\"22\u00a0Minuten\" \/>\n<script type=\"application\/ld+json\" class=\"yoast-schema-graph\">{\"@context\":\"https:\/\/schema.org\",\"@graph\":[{\"@type\":\"WebPage\",\"@id\":\"https:\/\/stalden-farm.ch\/index.php\/home\/\",\"url\":\"https:\/\/stalden-farm.ch\/index.php\/home\/\",\"name\":\"Pferdegest\u00fctzte Therapie (Reittherapie, Heilp\u00e4dagogisches Reiten)\",\"isPartOf\":{\"@id\":\"https:\/\/stalden-farm.ch\/#website\"},\"datePublished\":\"2023-06-28T05:18:16+00:00\",\"dateModified\":\"2024-02-28T17:09:43+00:00\",\"description\":\"Mit Unterst\u00fctzung der Tiere, sein Potenzial erkennen und \u00fcber sich hinauswachsen.\",\"breadcrumb\":{\"@id\":\"https:\/\/stalden-farm.ch\/index.php\/home\/#breadcrumb\"},\"inLanguage\":\"de\",\"potentialAction\":[{\"@type\":\"ReadAction\",\"target\":[\"https:\/\/stalden-farm.ch\/index.php\/home\/\"]}]},{\"@type\":\"BreadcrumbList\",\"@id\":\"https:\/\/stalden-farm.ch\/index.php\/home\/#breadcrumb\",\"itemListElement\":[{\"@type\":\"ListItem\",\"position\":1,\"name\":\"Startseite\",\"item\":\"https:\/\/stalden-farm.ch\/\"},{\"@type\":\"ListItem\",\"position\":2,\"name\":\"Pferdegest\u00fctzte Therapie (Reittherapie\/Heilp\u00e4dagogisches Reiten)\"}]},{\"@type\":\"WebSite\",\"@id\":\"https:\/\/stalden-farm.ch\/#website\",\"url\":\"https:\/\/stalden-farm.ch\/\",\"name\":\"Stalden-Farm\",\"description\":\"Eine weitere WordPress-Website\",\"publisher\":{\"@id\":\"https:\/\/stalden-farm.ch\/#\/schema\/person\/d86bf9f6854e842358c47aac315c3658\"},\"potentialAction\":[{\"@type\":\"SearchAction\",\"target\":{\"@type\":\"EntryPoint\",\"urlTemplate\":\"https:\/\/stalden-farm.ch\/?s={search_term_string}\"},\"query-input\":{\"@type\":\"PropertyValueSpecification\",\"valueRequired\":true,\"valueName\":\"search_term_string\"}}],\"inLanguage\":\"de\"},{\"@type\":[\"Person\",\"Organization\"],\"@id\":\"https:\/\/stalden-farm.ch\/#\/schema\/person\/d86bf9f6854e842358c47aac315c3658\",\"name\":\"Jasmin\",\"image\":{\"@type\":\"ImageObject\",\"inLanguage\":\"de\",\"@id\":\"https:\/\/stalden-farm.ch\/#\/schema\/person\/image\/\",\"url\":\"https:\/\/secure.gravatar.com\/avatar\/5bafcee8c9a475f659c29ca5b7ebaef7ad0cebacf1a57c1e8c908dcb9739f8b3?s=96&d=mm&r=g\",\"contentUrl\":\"https:\/\/secure.gravatar.com\/avatar\/5bafcee8c9a475f659c29ca5b7ebaef7ad0cebacf1a57c1e8c908dcb9739f8b3?s=96&d=mm&r=g\",\"caption\":\"Jasmin\"},\"logo\":{\"@id\":\"https:\/\/stalden-farm.ch\/#\/schema\/person\/image\/\"}}]}<\/script>\n<!-- \/ Yoast SEO plugin. -->","yoast_head_json":{"title":"Pferdegest\u00fctzte Therapie (Reittherapie, Heilp\u00e4dagogisches Reiten)","description":"Mit Unterst\u00fctzung der Tiere, sein Potenzial erkennen und \u00fcber sich hinauswachsen.","robots":{"index":"index","follow":"follow","max-snippet":"max-snippet:-1","max-image-preview":"max-image-preview:large","max-video-preview":"max-video-preview:-1"},"canonical":"https:\/\/stalden-farm.ch\/index.php\/home\/","og_locale":"de_DE","og_type":"article","og_title":"Pferdegest\u00fctzte Therapie (Reittherapie, Heilp\u00e4dagogisches Reiten)","og_description":"Mit Unterst\u00fctzung der Tiere, sein Potenzial erkennen und \u00fcber sich hinauswachsen.","og_url":"https:\/\/stalden-farm.ch\/index.php\/home\/","og_site_name":"Stalden-Farm","article_modified_time":"2024-02-28T17:09:43+00:00","twitter_card":"summary_large_image","twitter_misc":{"Gesch\u00e4tzte Lesezeit":"22\u00a0Minuten"},"schema":{"@context":"https:\/\/schema.org","@graph":[{"@type":"WebPage","@id":"https:\/\/stalden-farm.ch\/index.php\/home\/","url":"https:\/\/stalden-farm.ch\/index.php\/home\/","name":"Pferdegest\u00fctzte Therapie (Reittherapie, Heilp\u00e4dagogisches Reiten)","isPartOf":{"@id":"https:\/\/stalden-farm.ch\/#website"},"datePublished":"2023-06-28T05:18:16+00:00","dateModified":"2024-02-28T17:09:43+00:00","description":"Mit Unterst\u00fctzung der Tiere, sein Potenzial erkennen und \u00fcber sich hinauswachsen.","breadcrumb":{"@id":"https:\/\/stalden-farm.ch\/index.php\/home\/#breadcrumb"},"inLanguage":"de","potentialAction":[{"@type":"ReadAction","target":["https:\/\/stalden-farm.ch\/index.php\/home\/"]}]},{"@type":"BreadcrumbList","@id":"https:\/\/stalden-farm.ch\/index.php\/home\/#breadcrumb","itemListElement":[{"@type":"ListItem","position":1,"name":"Startseite","item":"https:\/\/stalden-farm.ch\/"},{"@type":"ListItem","position":2,"name":"Pferdegest\u00fctzte Therapie (Reittherapie\/Heilp\u00e4dagogisches Reiten)"}]},{"@type":"WebSite","@id":"https:\/\/stalden-farm.ch\/#website","url":"https:\/\/stalden-farm.ch\/","name":"Stalden-Farm","description":"Eine weitere WordPress-Website","publisher":{"@id":"https:\/\/stalden-farm.ch\/#\/schema\/person\/d86bf9f6854e842358c47aac315c3658"},"potentialAction":[{"@type":"SearchAction","target":{"@type":"EntryPoint","urlTemplate":"https:\/\/stalden-farm.ch\/?s={search_term_string}"},"query-input":{"@type":"PropertyValueSpecification","valueRequired":true,"valueName":"search_term_string"}}],"inLanguage":"de"},{"@type":["Person","Organization"],"@id":"https:\/\/stalden-farm.ch\/#\/schema\/person\/d86bf9f6854e842358c47aac315c3658","name":"Jasmin","image":{"@type":"ImageObject","inLanguage":"de","@id":"https:\/\/stalden-farm.ch\/#\/schema\/person\/image\/","url":"https:\/\/secure.gravatar.com\/avatar\/5bafcee8c9a475f659c29ca5b7ebaef7ad0cebacf1a57c1e8c908dcb9739f8b3?s=96&d=mm&r=g","contentUrl":"https:\/\/secure.gravatar.com\/avatar\/5bafcee8c9a475f659c29ca5b7ebaef7ad0cebacf1a57c1e8c908dcb9739f8b3?s=96&d=mm&r=g","caption":"Jasmin"},"logo":{"@id":"https:\/\/stalden-farm.ch\/#\/schema\/person\/image\/"}}]}},"_links":{"self":[{"href":"https:\/\/stalden-farm.ch\/index.php\/wp-json\/wp\/v2\/pages\/502","targetHints":{"allow":["GET"]}}],"collection":[{"href":"https:\/\/stalden-farm.ch\/index.php\/wp-json\/wp\/v2\/pages"}],"about":[{"href":"https:\/\/stalden-farm.ch\/index.php\/wp-json\/wp\/v2\/types\/page"}],"author":[{"embeddable":true,"href":"https:\/\/stalden-farm.ch\/index.php\/wp-json\/wp\/v2\/users\/1"}],"replies":[{"embeddable":true,"href":"https:\/\/stalden-farm.ch\/index.php\/wp-json\/wp\/v2\/comments?post=502"}],"version-history":[{"count":357,"href":"https:\/\/stalden-farm.ch\/index.php\/wp-json\/wp\/v2\/pages\/502\/revisions"}],"predecessor-version":[{"id":3789,"href":"https:\/\/stalden-farm.ch\/index.php\/wp-json\/wp\/v2\/pages\/502\/revisions\/3789"}],"wp:attachment":[{"href":"https:\/\/stalden-farm.ch\/index.php\/wp-json\/wp\/v2\/media?parent=502"}],"curies":[{"name":"wp","href":"https:\/\/api.w.org\/{rel}","templated":true}]}}